{"id":8600,"date":"2024-01-24T15:17:06","date_gmt":"2024-01-24T14:17:06","guid":{"rendered":"https:\/\/biolaser.fr\/?page_id=8600"},"modified":"2026-02-17T18:13:59","modified_gmt":"2026-02-17T17:13:59","slug":"fadenlifting-biolaser-zentrum-in-saint-louis-basel","status":"publish","type":"page","link":"https:\/\/biolaser.fr\/de\/fadenlifting-biolaser-zentrum-in-saint-louis-basel\/","title":{"rendered":"Fadenlifting &#8211; APTOS Thread lifting"},"content":{"rendered":"\n<div class=\"wp-block-columns BlockVideo is-layout-flex wp-container-core-columns-is-layout-9d6595d7 wp-block-columns-is-layout-flex\">\n<div class=\"wp-block-column is-layout-flow wp-block-column-is-layout-flow\">\n<h2 class=\"wp-block-heading has-text-color has-link-color wp-elements-f9955859c86aeaefafd4480d320c6753\" style=\"color:#d2ab4c\">Nicht-chirurgisches Facelifting in der N\u00e4he von Basel \u2013 APTOS-Fadenlifting in Saint-Louis<\/h2>\n\n\n\n<p>Im \u00e4sthetisch-medizinischen <strong><a href=\"https:\/\/biolaser.fr\/de\/\">Zentrum Biolaser in Saint-Louis,<\/a><\/strong> wenige Kilometer von <strong>Basel<\/strong> entfernt, ist das Tensor-Fadenlifting ein beliebtes und h\u00e4ufig durchgef\u00fchrtes Verfahren. Diese \u00e4sthetisch-medizinische Praxis zielt darauf ab, die Haut zu verj\u00fcngen und zu straffen und so Zeichen der Hautalterung wie Falten und schlaffe Haut zu reduzieren.<\/p>\n\n\n\n<p>Neben traditionellen Facelifts bietet das Zentrum auch eine innovative Technik an, die als \u201e<strong>Fadenstraffung<\/strong>\u201d oder \u201e<strong>Fadenlifting<\/strong>\u201d bekannt ist. Bei diesem revolution\u00e4ren Verfahren werden spezielle F\u00e4den, sogenannte <strong>APTOS-F\u00e4den<\/strong>, vorsichtig unter die Haut eingef\u00fchrt. Diese F\u00e4den straffen und liften die Haut, was zu einem j\u00fcngeren, strahlenderen Aussehen f\u00fchrt. Das Beste daran ist, dass diese Technik keinen chirurgischen Eingriff erfordert.<\/p>\n\n\n\n<p>Unser Zentrum ist von <strong>Basel, Weil am Rhein, L\u00f6rrach, Allschwil und Freiburg im Breisgau<\/strong> aus leicht zu erreichen und auf minimalinvasive Gesichtsverj\u00fcngung spezialisiert.<\/p>\n<\/div>\n\n\n\n<div class=\"wp-block-column is-vertically-aligned-center is-layout-flow wp-block-column-is-layout-flow\">\n<figure class=\"wp-block-image size-large\"><img fetchpriority=\"high\" decoding=\"async\" width=\"1024\" height=\"724\" src=\"https:\/\/biolaser.fr\/wp-content\/uploads\/2024\/01\/european-lady-posing-with-lifting-arrows-face-white-background_116547-57934-1.jpg-pdf-1024x724.jpg\" alt=\"Facelifting in der N\u00e4he von Basel \u2013 APTOS-Fadenlifting\" class=\"wp-image-8481\"\/><\/figure>\n<\/div>\n<\/div>\n\n\n\n<div class=\"wp-block-buttons is-content-justification-center is-layout-flex wp-container-core-buttons-is-layout-16018d1d wp-block-buttons-is-layout-flex\">\n<div class=\"wp-block-button\"><a class=\"wp-block-button__link wp-element-button\" href=\"https:\/\/www.doctolib.fr\/centre-laser-et-esthetique\/saint-louis\/centre-medical-biolaser\/booking\/availabilities?specialityId=222&amp;telehealth=false&amp;placeId=practice-371699&amp;motiveCategoryIds%5B%5D=267011&amp;motiveIds%5B%5D=10593907&amp;bookingFunnelSource=profile\" target=\"_blank\" rel=\"noopener\">Einen Termin vereinbaren<\/a><\/div>\n<\/div>\n\n\n\n<div style=\"height:100px\" aria-hidden=\"true\" class=\"wp-block-spacer\"><\/div>\n\n\n\n<div class=\"wp-block-columns BlockTexte is-layout-flex wp-container-core-columns-is-layout-9d6595d7 wp-block-columns-is-layout-flex\">\n<div class=\"wp-block-column is-layout-flow wp-block-column-is-layout-flow\">\n<h2 class=\"wp-block-heading has-text-align-center has-text-color has-link-color wp-elements-96e68dd1a39514253cce055c10084eb8\" style=\"color:#d2ab4c\">Was ist ein nicht-chirurgisches Facelifting?<\/h2>\n\n\n\n<p><strong>Nicht-chirurgische Facelifts<\/strong> sind ein innovativer Ansatz zur Verj\u00fcngung und Faltenbehandlung, der sicherere, weniger invasive Alternativen zu herk\u00f6mmlichen chirurgischen Eingriffen bietet. Diese Behandlungen dienen dazu, <strong>die Haut zu verj\u00fcngen und zu straffen<\/strong>, feine Linien und Falten zu reduzieren und das allgemeine Erscheinungsbild der Haut zu verbessern, ohne dass invasive chirurgische Eingriffe erforderlich sind.<\/p>\n\n\n\n<p>Nicht-chirurgische Facelifts verwenden eine Vielzahl von Techniken, darunter Botox-Injektionen, <a href=\"https:\/\/biolaser.fr\/de\/polycaprolacton-gouri\/\">Hautf\u00fcller<\/a>, <a href=\"https:\/\/biolaser.fr\/de\/falten-faeltchen-hautglaettung\/\">Laserbehandlungen<\/a>, <a href=\"https:\/\/biolaser.fr\/de\/peeling\/\">Mikrodermabrasion<\/a> und nat\u00fcrlich <strong><a href=\"https:\/\/biolaser.fr\/de\/aptos-faeden-warum-ist-diese-technologie-anders\/\">Aptos-Tensor-F\u00e4den<\/a><\/strong>. Diese Techniken sind in der Regel weniger invasiv als herk\u00f6mmliche Operationen, was bedeutet, dass sie oft mit einer k\u00fcrzeren Genesungszeit und einem geringeren Risiko f\u00fcr Komplikationen verbunden sind.<\/p>\n\n\n\n<p><strong>Aptos-Tensor-F\u00e4den sind eine der beliebtesten und effektivsten nicht-chirurgischen Facelift-Techniken, die derzeit verf\u00fcgbar sind<\/strong>. Sie wurden entwickelt, um Facelift-Ergebnisse durch Straffung und Anhebung der Haut zu erzielen, ohne dass eine Operation erforderlich ist.<\/p>\n<\/div>\n<\/div>\n\n\n\n<div class=\"wp-block-columns BlockTexte is-layout-flex wp-container-core-columns-is-layout-9d6595d7 wp-block-columns-is-layout-flex\">\n<div class=\"wp-block-column is-layout-flow wp-block-column-is-layout-flow\">\n<h2 class=\"wp-block-heading has-text-align-center has-text-color has-link-color wp-elements-7a6f4d8c98da5def66976e5b95c9413e\" style=\"color:#d2ab4c\">Was sind APTOS-Tensor-F\u00e4den?<\/h2>\n\n\n\n<p>Die <a href=\"https:\/\/aptos.global\/post\/37\/aptos-thread-lifting\" target=\"_blank\" rel=\"noopener\">APTOS-Fadentechnologie<\/a> wurde in den 1990er Jahren von <strong>Dr. Marlen Sulamanidze<\/strong> entwickelt und hat sich seitdem zu einer der fortschrittlichsten nicht-chirurgischen Lifting-Techniken in der \u00e4sthetischen Medizin entwickelt. Im Laufe der Jahre haben kontinuierliche Forschung und Innovation sowohl die Materialien als auch das strukturelle Design der F\u00e4den verbessert, um die Sicherheit, Haltbarkeit und nat\u00fcrlich aussehende Ergebnisse zu optimieren.<\/p>\n\n\n\n<p>APTOS-F\u00e4den werden aus hochgradig biokompatiblen, resorbierbaren Materialien hergestellt, haupts\u00e4chlich aus <strong>Polymilchs\u00e4ure<\/strong> (PLLA) in Kombination mit<strong> Caprolacton <\/strong>(PCL) und Hyalurons\u00e4ure. Diese sorgf\u00e4ltig ausgewogene Zusammensetzung bietet sowohl Sicherheit als auch Wirksamkeit.<\/p>\n\n\n\n<ul class=\"wp-block-list\">\n<li><strong>PLLA<\/strong> stimuliert die Kollagenproduktion und verbessert die Hautfestigkeit schrittweise \u00fcber einen Zeitraum von 18 bis 24 Monaten.<\/li>\n\n\n\n<li><strong>PCL<\/strong> verlangsamt den biologischen Abbau, verl\u00e4ngert den Lifting-Effekt und unterst\u00fctzt die langfristige Gewebestraffung.<\/li>\n<\/ul>\n\n\n\n<p>Die F\u00e4den sind d\u00fcnn, flexibel und mit kleinen Zapfen oder Widerhaken versehen, die sich sanft im Gewebe verankern. Sobald sie unter die Haut eingef\u00fchrt sind, bilden sie ein st\u00fctzendes Netzwerk, das die Gesichtskonturen ohne chirurgischen Eingriff neu definiert.<\/p>\n\n\n\n<h3 class=\"wp-block-heading\">Ein doppelt wirkender Verj\u00fcngungseffekt<\/h3>\n\n\n\n<p>APTOS-F\u00e4den bieten:<\/p>\n\n\n\n<ul class=\"wp-block-list\">\n<li><strong>Sofortiges Lifting:<\/strong> Mechanische Neupositionierung erschlaffter Gewebe w\u00e4hrend des Eingriffs.<\/li>\n\n\n\n<li><strong>Progressive Verj\u00fcngung:<\/strong> Langfristige Kollagenstimulation, die die Haut mit der Zeit st\u00e4rkt und strafft.<\/li>\n<\/ul>\n\n\n\n<p>Diese Kombination aus sofortiger Straffung und allm\u00e4hlicher Hauterneuerung macht das APTOS-Fadenlifting zu einer umfassenden L\u00f6sung f\u00fcr die nicht-chirurgische Gesichtsverj\u00fcngung mit nat\u00fcrlichen und lang anhaltenden Ergebnissen.<\/p>\n<\/div>\n<\/div>\n\n\n\n<div class=\"wp-block-columns BlockTexte is-layout-flex wp-container-core-columns-is-layout-9d6595d7 wp-block-columns-is-layout-flex\">\n<div class=\"wp-block-column is-layout-flow wp-block-column-is-layout-flow\">\n<h2 class=\"wp-block-heading has-text-align-center has-text-color has-link-color wp-elements-81522f3105669417653b0050eef404d3\" style=\"color:#d2ab4c\">Die Vorteile des APTOS-Tensor-Fadenliftings<\/h2>\n\n\n\n<p>Das <strong>APTOS-Fadenlifting<\/strong> im Biolaser-\u00c4sthetikzentrum in Saint-Louis <strong>bei Basel<\/strong> bietet gegen\u00fcber herk\u00f6mmlichen Facelifting-Techniken mehrere Vorteile:<\/p>\n\n\n\n<ol class=\"wp-block-list\">\n<li><strong>Sofortige, sichtbare Ergebnisse:&nbsp;<\/strong>Die APTOS-F\u00e4den bieten einen sofortigen Lifting- Effekt nach der Behandlung. Die Haut wird sofort gestrafft und angehoben, was dem Gesicht ein j\u00fcngeres und frischeres Aussehen verleiht und dazu beitr\u00e4gt, dass Sie Ihr Selbstvertrauen zur\u00fcckgewinnen und sich wohler in Ihrer Haut f\u00fchlen.<\/li>\n\n\n\n<li><strong>Anregung der Kollagenproduktion und der Mikrozirkulation:&nbsp;<\/strong>Die APTOS-F\u00e4den regen die k\u00f6rpereigene Kollagenproduktion an, wodurch sich die Hautstruktur und &#8211; festigkeit allm\u00e4hlich verbessert. Das bedeutet, dass die Ergebnisse nicht \u00fcber Nacht verschwinden, sondern mit der Zeit immer besser werden.<\/li>\n\n\n\n<li><strong>Schnelles Verfahren :&nbsp;<\/strong>Die Behandlung mit APTOS-F\u00e4den kann in etwa 30 Minuten durchgef\u00fchrt werden, was sie f\u00fcr Personen mit einem vollen Terminkalender praktisch macht.<\/li>\n\n\n\n<li><strong>Keine Einschnitte oder&nbsp;<\/strong><strong>N<\/strong><strong>arben (minimalinvasives Verfahren unter \u00f6rtlicher Bet\u00e4ubung):&nbsp;<\/strong>Im Gegensatz zu einem chirurgischen Facelifting ist das APTOS- Fadenlifting weniger invasiv und erfordert keine Einschnitte oder N\u00e4hte, sodass nach der Behandlung im Gegensatz zu Sch\u00f6nheitsoperationen keine sichtbaren Narben zur\u00fcckbleiben.<\/li>\n\n\n\n<li><strong>Gezielte Behandlung:&nbsp;<\/strong>APTOS-F\u00e4den k\u00f6nnen genau in die Gesichtsbereiche eingef\u00fchrt werden, die ein Facelifting ben\u00f6tigen, was eine gezielte und individuelle Behandlung erm\u00f6glicht.<\/li>\n\n\n\n<li><strong>Resorbierbare F\u00e4den:&nbsp;<\/strong>APTOS-F\u00e4den werden vom K\u00f6rper mit der Zeit vollst\u00e4ndig resorbiert, d. h. es bleibt kein dauerhaftes Fremdmaterial unter der Haut zur\u00fcck.<\/li>\n\n\n\n<li><strong>Langanhaltender, nat\u00fcrlicher Lifting-Effekt :&nbsp;<\/strong>Der Lifting-Effekt der APTOS- F\u00e4den kann zwischen 1,5 und 2 Jahren anhalten, je nach Gewebedicke und Hautqualit\u00e4t des Patienten.<\/li>\n<\/ol>\n\n\n\n<div style=\"height:23px\" aria-hidden=\"true\" class=\"wp-block-spacer\"><\/div>\n\n\n\n<div class=\"wp-block-buttons is-content-justification-center is-layout-flex wp-container-core-buttons-is-layout-16018d1d wp-block-buttons-is-layout-flex\">\n<div class=\"wp-block-button\"><a class=\"wp-block-button__link wp-element-button\" href=\"https:\/\/www.doctolib.fr\/centre-laser-et-esthetique\/saint-louis\/centre-medical-biolaser\/booking\/availabilities?specialityId=222&amp;telehealth=false&amp;placeId=practice-371699&amp;motiveCategoryIds%5B%5D=267011&amp;motiveIds%5B%5D=10593907&amp;bookingFunnelSource=profile\" target=\"_blank\" rel=\"noopener\">Einen Termin vereinbaren<\/a><\/div>\n<\/div>\n\n\n\n<div style=\"height:100px\" aria-hidden=\"true\" class=\"wp-block-spacer\"><\/div>\n\n\n\n<div class=\"wp-block-columns BlockTexte is-layout-flex wp-container-core-columns-is-layout-9d6595d7 wp-block-columns-is-layout-flex\">\n<div class=\"wp-block-column is-layout-flow wp-block-column-is-layout-flow\">\n<h2 class=\"wp-block-heading has-text-align-center has-text-color has-link-color wp-elements-76ae44247f7938d83ce5b07b268824ae\" style=\"color:#d2ab4c\">Vorteile von APTOS-Tensor-F\u00e4den gegen\u00fcber anderen Tensor-Faden-Techniken<\/h2>\n<\/div>\n<\/div>\n<\/div>\n<\/div>\n\n\n\n<div style=\"height:100px\" aria-hidden=\"true\" class=\"wp-block-spacer\"><\/div>\n\n\n\n<div class=\"wp-block-group\"><div class=\"wp-block-group__inner-container is-layout-flow wp-block-group-is-layout-flow\">\n<div class=\"wp-block-group StepDiv\"><div class=\"wp-block-group__inner-container is-layout-flow wp-block-group-is-layout-flow\">\n<div class=\"wp-block-columns is-layout-flex wp-container-core-columns-is-layout-9d6595d7 wp-block-columns-is-layout-flex\">\n<div class=\"wp-block-column is-layout-flow wp-block-column-is-layout-flow\">\n<p class=\"has-text-align-center stepNumber\">01<\/p>\n\n\n\n<h4 class=\"wp-block-heading has-text-align-center\"><strong>innovative Zusammensetzung<\/strong><\/h4>\n\n\n\n<p>Erstens bietet die innovative Zusammensetzung der Aptos-Garne, bei der Polymilchs\u00e4ure (PLLA) und Caprolacton = P (LA\/CL) in einem Verh\u00e4ltnis von 75\/25 kombiniert werden, eine bemerkenswerte Synergie. Diese optimale Kombination erm\u00f6glicht einen&nbsp;<strong>langsamen biologischen Abbau und&nbsp;<\/strong>verl\u00e4ngert so die straffende Wirkung auf das Gewebe. Im Gegensatz zu anderen Garnen maximiert diese fortschrittliche Zusammensetzung die <strong>Haltbarkeit der \u00e4sthetischen Ergebnisse<\/strong>..<\/p>\n<\/div>\n\n\n\n<div class=\"wp-block-column is-layout-flow wp-block-column-is-layout-flow\">\n<p class=\"has-text-align-center stepNumber\">02<\/p>\n\n\n\n<h4 class=\"wp-block-heading has-text-align-center\"><strong>Neokollagenese<\/strong><\/h4>\n\n\n\n<p>Zweitens zeichnen sich die Aptos Straffungsf\u00e4den durch ihre F\u00e4higkeit aus,&nbsp;<strong>die Kollagensynthese zu stimulieren und&nbsp;<\/strong>so die Regeneration des Hautgewebes zu f\u00f6rdern. Diese Eigenschaft tr\u00e4gt zusammen mit der allm\u00e4hlichen Resorption von PLLA zu nat\u00fcrlichen und lang anhaltenden Ergebnissen bei. Studien, darunter die von Carol Courderot-Masuyer et al., belegen, dass die Verbesserungen bis zu 25 Monate nach der Behandlung anhalten.<\/p>\n<\/div>\n\n\n\n<div class=\"wp-block-column is-layout-flow wp-block-column-is-layout-flow\">\n<p class=\"has-text-align-center stepNumber\">03<\/p>\n\n\n\n<h4 class=\"wp-block-heading has-text-align-center\"><strong>Individuelle Behandlung<\/strong><\/h4>\n\n\n\n<p>Drittens erm\u00f6glicht die <strong>Flexibilit\u00e4t&nbsp;<\/strong>der Aptos-F\u00e4den eine&nbsp;<strong>individuelle&nbsp;<\/strong>Anpassung an die individuelle Physiologie eines jeden Patienten. Diese Anpassungsf\u00e4higkeit gew\u00e4hrleistet&nbsp;<strong>nat\u00fcrliche und harmonische \u00e4sthetische Ergebnisse und&nbsp;<\/strong>vermeidet jegliches starre oder k\u00fcnstliche Aussehen, das oft mit anderen Verfahren verbunden ist.<\/p>\n<\/div>\n<\/div>\n<\/div><\/div>\n<\/div><\/div>\n\n\n\n<div class=\"wp-block-columns BlockTexte is-layout-flex wp-container-core-columns-is-layout-9d6595d7 wp-block-columns-is-layout-flex\">\n<div class=\"wp-block-column is-layout-flow wp-block-column-is-layout-flow\">\n<h2 class=\"wp-block-heading has-text-align-center has-text-color has-link-color wp-elements-aa4fe661c878edc0ca0b4a34705b6aae\" style=\"color:#d2ab4c\">Der Fadenlifting-Prozess<\/h2>\n\n\n\n<p>Bevor Sie sich f\u00fcr das Verfahren der Fadenlifting entscheiden, ist es wichtig, dass Sie den Ablauf des Verfahrens und den damit verbundenen Heilungsprozess verstehen. Hier ist ein \u00dcberblick dar\u00fcber, was Sie erwarten k\u00f6nnen, wenn Sie unsere erfahrenen \u00c4rzte im&nbsp;<strong>medizinischen Zentrum von Saint-Louis aufsuchen, das nur einen&nbsp;<\/strong>Katzensprung von Mulhouse, Colmar, Belfort-Montb\u00e9liard und Basel entfernt liegt:<\/p>\n\n\n\n<ol class=\"wp-block-list\">\n<li><strong>Erstkonsultation:&nbsp;<\/strong>Sie treffen sich mit dem&nbsp;<strong>qualifizierten und erfahrenen Arzt<\/strong>, um Ihre Erwartungen zu besprechen, Ihre Anspruchsberechtigung zu beurteilen und einen individuellen Behandlungsplan zu erstellen.<\/li>\n\n\n\n<li><strong>Verfahren:&nbsp;<\/strong>Das Verfahren mit den Aptos-Fadenlifting wird in der Regel unter \u00f6rtlicher Bet\u00e4ubung durchgef\u00fchrt. Die F\u00e4den werden mithilfe spezieller Nadeln unter die Haut eingef\u00fchrt und dann gespannt, um den gew\u00fcnschten Straffungseffekt zu erzielen.<\/li>\n\n\n\n<li><strong>Erholungszeit:&nbsp;<\/strong>Nach dem Eingriff k\u00f6nnen Sie etwas Unbehagen, Bluterg\u00fcsse und leichte Schwellungen versp\u00fcren. Diese Nebenwirkungen klingen jedoch in der Regel schnell ab und Sie k\u00f6nnen innerhalb weniger Tage wieder Ihren normalen Aktivit\u00e4ten nachgehen.<\/li>\n\n\n\n<li><strong>Ergebnisse und&nbsp;Nachsorge:&nbsp;<\/strong>Die Ergebnisse der Aptos-Fadenlifting sind sofort sichtbar, verbessern sich aber im Laufe der Zeit weiter, da die Kollagenproduktion angeregt wird. M\u00f6glicherweise m\u00fcssen Sie zu Nachsorgeterminen gehen, um die Ergebnisse zu beurteilen und ggf. Anpassungen vorzunehmen.<\/li>\n<\/ol>\n\n\n\n<p><strong><em>Zusammenfassend l\u00e4sst sich sagen, dass das Verfahren zum Einsetzen von Aptos Tensionsf\u00e4den das Markieren der Einstichstellen, die Verabreichung einer Lokalan\u00e4sthesie, das Setzen kleiner Einschnitte, das Einsetzen und Verankern der F\u00e4den, das Verschlie\u00dfen der Einschnitte und die Genesung nach dem Eingriff umfasst. Diese Technik stellt eine wirksame L\u00f6sung f\u00fcr das Lifting und die Straffung erschlaffter Haut dar.<\/em><\/strong><\/p>\n<\/div>\n<\/div>\n\n\n\n<div class=\"wp-block-columns BlockTexte is-layout-flex wp-container-core-columns-is-layout-9d6595d7 wp-block-columns-is-layout-flex\">\n<div class=\"wp-block-column is-layout-flow wp-block-column-is-layout-flow\">\n<h2 class=\"wp-block-heading has-text-align-center has-text-color has-link-color wp-elements-99b24d3b906b376be5ed759cb27b7480\" style=\"color:#d2ab4c\">Die verschiedenen Bereiche, die mit APTOS-Tensor-F\u00e4den behandelt werden<\/h2>\n\n\n\n<p>APTOS-Fadenlifting k\u00f6nnen zur Behandlung verschiedener Gesichtsbereiche verwendet werden, darunter :<\/p>\n\n\n\n<ol class=\"wp-block-list\">\n<li><strong>Gesichtsoval:&nbsp;<\/strong>APTOS-F\u00e4den k\u00f6nnen verwendet werden, um das Gesichtsoval neu zu definieren und die Erschlaffung der Haut in diesem Bereich zu korrigieren.<\/li>\n\n\n\n<li><strong>Wangen und Wangenknochen :&nbsp;<\/strong>APTOS F\u00e4den k\u00f6nnen verwendet werden, um die Wangen und Wangenknochen anzuheben und zu straffen, wodurch das Gesicht j\u00fcnger und voller aussieht.<\/li>\n\n\n\n<li><strong>Augenbrauen:&nbsp;<\/strong>APTOS-F\u00e4den k\u00f6nnen verwendet werden, um die Augenbrauen anzuheben und den Blick zu \u00f6ffnen.<\/li>\n\n\n\n<li><strong>Hals:&nbsp;<\/strong>APTOS-F\u00e4den k\u00f6nnen verwendet werden, um die erschlaffte Haut am Hals zu straffen und anzuheben.<\/li>\n\n\n\n<li><strong>Das Dekollet\u00e9:&nbsp;<\/strong>APTOS-F\u00e4den k\u00f6nnen zur Straffung und Gl\u00e4ttung der Haut am Dekollet\u00e9 verwendet werden.<\/li>\n<\/ol>\n<\/div>\n<\/div>\n\n\n<div class=\"wp-block-image\">\n<figure class=\"aligncenter size-full is-resized\"><img decoding=\"async\" width=\"858\" height=\"838\" src=\"https:\/\/biolaser.fr\/wp-content\/uploads\/2022\/09\/fils-tenseurs-aptos-medecine-esthetique-docteur-benouaiche-paris.jpg\" alt=\"Fadenlifting near Basel\" class=\"wp-image-8917\" style=\"aspect-ratio:1.023882984801737;width:422px;height:auto\" srcset=\"https:\/\/biolaser.fr\/wp-content\/uploads\/2022\/09\/fils-tenseurs-aptos-medecine-esthetique-docteur-benouaiche-paris.jpg 858w, https:\/\/biolaser.fr\/wp-content\/uploads\/2022\/09\/fils-tenseurs-aptos-medecine-esthetique-docteur-benouaiche-paris-300x293.jpg 300w, https:\/\/biolaser.fr\/wp-content\/uploads\/2022\/09\/fils-tenseurs-aptos-medecine-esthetique-docteur-benouaiche-paris-768x750.jpg 768w\" sizes=\"(max-width: 858px) 100vw, 858px\" \/><\/figure>\n<\/div>\n\n\n<div class=\"wp-block-columns BlockTexte is-layout-flex wp-container-core-columns-is-layout-9d6595d7 wp-block-columns-is-layout-flex\">\n<div class=\"wp-block-column is-layout-flow wp-block-column-is-layout-flow\">\n<h2 class=\"wp-block-heading has-text-align-center has-text-color has-link-color wp-elements-aa5f89c4d8b1949e480195134e9dcdaa\" style=\"color:#d2ab4c\">Wer ist ein guter Kandidat f\u00fcr Aptos-Spannungsdr\u00e4hte ?<\/h2>\n\n\n\n<p>Fadenlifting eignen sich f\u00fcr eine breite Palette von Menschen, die ihr Gesicht verj\u00fcngen und ihr Aussehen verbessern m\u00f6chten. Hier sind einige der Eigenschaften guter Kandidaten f\u00fcr Aptos-Fadenlifting :<\/p>\n\n\n\n<ul class=\"wp-block-list\">\n<li>Personen, die&nbsp;<strong>Anzeichen von erschlaffter Haut im Gesicht&nbsp;<\/strong>haben, wie z. B. Bajous, Nasolabialfalten oder abgesunkene Wangen. Sie k\u00f6nnen helfen, die Straffheit wiederherzustellen und die Gesichtskonturen neu zu definieren.<\/li>\n\n\n\n<li>Menschen mit&nbsp;<strong>Falten und F\u00e4ltchen:&nbsp;<\/strong>Ideale Kandidaten k\u00f6nnen Falten und F\u00e4ltchen im Gesicht haben, vor allem um den Kiefer, die Wangen und den Hals herum. Aptos- F\u00e4den k\u00f6nnen dazu beitragen, diese Zeichen der Hautalterung zu mildern.<\/li>\n\n\n\n<li>Personen, die sich&nbsp;<strong>sichtbare und dauerhafte Ergebnisse ohne invasive Sch\u00f6nheitschirurgie&nbsp;<\/strong>w\u00fcnschen<\/li>\n\n\n\n<li>Personen, die&nbsp;<strong>allgemein gesund sind&nbsp;<\/strong>und&nbsp;<strong>realistische Erwartungen&nbsp;<\/strong>an die Ergebnisse des Verfahrens habenEs wird empfohlen, dass Sie eine qualifizierte Fachkraft aufsuchen, um zu beurteilen, ob Sie ein guter Kandidat f\u00fcr Aptos-Fadenlifting sind, und um die Ergebnisse zu besprechen, die Sie von dem Verfahren erwarten k\u00f6nnen.<\/li>\n<\/ul>\n<\/div>\n<\/div>\n\n\n\n<div class=\"wp-block-columns BlockTexte is-layout-flex wp-container-core-columns-is-layout-9d6595d7 wp-block-columns-is-layout-flex\">\n<div class=\"wp-block-column is-layout-flow wp-block-column-is-layout-flow\">\n<div class=\"wp-block-columns BlockTexte is-layout-flex wp-container-core-columns-is-layout-9d6595d7 wp-block-columns-is-layout-flex\">\n<div class=\"wp-block-column is-layout-flow wp-block-column-is-layout-flow\">\n<h2 class=\"wp-block-heading has-text-align-center has-text-color has-link-color wp-elements-cefebe00f6c590a29ce8e8573b3e94d9\" style=\"color:#d2ab4c\">Nachsorge und Empfehlungen f\u00fcr nicht-chirurgische Gesichtsstraffungen in St. Louis<\/h2>\n\n\n\n<p>Nach einer Gesichtsverj\u00fcngung mit Aptos Tensorf\u00e4den ist es wichtig, die empfohlenen Anweisungen f\u00fcr die Pflege nach dem Eingriff zu befolgen, um optimale Ergebnisse zu erzielen und m\u00f6gliche Komplikationen zu minimieren. Zwar gibt es keine speziellen Richtlinien f\u00fcr die Pflege nach der Behandlung mit Aptos-F\u00e4den, es gibt jedoch einige allgemeine Empfehlungen, die befolgt werden k\u00f6nnen, um die Heilung zu f\u00f6rdern und das Behandlungsergebnis zu verbessern.<\/p>\n\n\n\n<ul class=\"wp-block-list\">\n<li><strong>Es ist wichtig, den behandelten Bereich sauber und frei von Schmutz und Bakterien zu halten.&nbsp;<\/strong>Ein mildes Reinigungsmittel sollte verwendet werden, um die Haut zweimal t\u00e4glich zu reinigen, gefolgt vom Auftragen einer milden Feuchtigkeitscreme, um die Haut feucht zu halten. Es ist ratsam, w\u00e4hrend der<\/li>\n\n\n\n<li>anf\u00e4nglichen Heilungsphase keine aggressiven Pflegeprodukte oder scheuernden Peelings zu verwenden.&nbsp;<strong>Waschen Sie Ihr Gesicht sieben Tage lang sanft, ohne es zu reiben oder zu massieren.<\/strong><\/li>\n\n\n\n<li><strong>Um Schwellungen und Beschwerden zu minimieren,&nbsp;<\/strong>kann es hilfreich sein, mehrmals t\u00e4glich f\u00fcr einige Minuten&nbsp;<strong>kalte Kompressen oder K\u00e4ltepackungen&nbsp;<\/strong>auf den behandelten Bereich zu legen.<\/li>\n\n\n\n<li><strong>Sie sollten unbedingt vermeiden, die F\u00e4den zu massieren, \u00fcberm\u00e4\u00dfigen Druck auszu\u00fcben oder sie zu manipulieren,&nbsp;<\/strong>da dies ihre Position st\u00f6ren und das Endergebnis beeintr\u00e4chtigen k\u00f6nnte.<\/li>\n\n\n\n<li><strong>Verzichten Sie mindestens 24 Stunden lang auf das Auftragen von Make-up<\/strong>. Beim Abschminken oder Eincremen der behandelten Hautstellen besonders vorsichtig vorgehen.<\/li>\n\n\n\n<li><strong>Schlafen Sie auf dem R\u00fccken, in einer erh\u00f6hten Position auf einem Kissen f\u00fcr etwa 3-4&nbsp;<\/strong><strong>N<\/strong><strong>\u00e4chte.<\/strong><\/li>\n\n\n\n<li><strong>Es wird empfohlen, mindestens eine Woche lang nach dem Eingriff keine anstrengenden k\u00f6rperlichen Aktivit\u00e4ten oder \u00dcbungen zu machen.&nbsp;<\/strong>Dadurch k\u00f6nnen die F\u00e4den richtig befestigt werden und das Risiko von Komplikationen wird verringert.<\/li>\n\n\n\n<li><strong>Vermeiden Sie eine \u00fcberm\u00e4\u00dfige Belastung durch direktes Sonnenlicht und verwenden Sie eine&nbsp;<\/strong>Breitband-Sonnencreme mit einem hohen Lichtschutzfaktor, um die Haut vor UV-Sch\u00e4den zu sch\u00fctzen.<\/li>\n\n\n\n<li><strong>Vermeiden Sie drei Wochen lang Sauna, Dampfbad und Zahnoperationen.<\/strong><\/li>\n\n\n\n<li><strong>Vermeiden Sie es, Alkohol zu trinken oder zu rauchen<\/strong>.<\/li>\n\n\n\n<li><strong>Bei Schmerzen k\u00f6nnen Sie Paracetamol einnehmen.<\/strong><\/li>\n\n\n\n<li>Vermeiden Sie mindestens einen Monat nach dem Eingriff die Verwendung vonHaarf\u00e4rbemitteln oder Behandlungen, die Reizstoffe enthalten.<\/li>\n\n\n\n<li>Der Patient muss nicht zu Hause bleiben, sondern kann bereits am n\u00e4chsten Tagwieder arbeiten.<\/li>\n\n\n\n<li>Regelm\u00e4\u00dfige Nachsorgetermine mit dem behandelnden Arzt sind unerl\u00e4sslich, um denBehandlungsverlauf zu \u00fcberwachen und alle Bedenken oder Fragen zu beantworten, die auftreten k\u00f6nnen. Der Arzt kann auch zus\u00e4tzliche Empfehlungen geben, die auf die individuellen Bed\u00fcrfnisse und Vorlieben abgestimmt sind.<\/li>\n<\/ul>\n\n\n\n<p>Insgesamt kann die Beachtung dieser allgemeinen Empfehlungen f\u00fcr die Nachsorge dazu beitragen, einen reibungslosen Genesungsprozess zu gew\u00e4hrleisten und die Ergebnisse der Behandlung mit Aptos Tensorf\u00e4den zu maximieren. Es ist jedoch wichtig, einen qualifizierten Angeh\u00f6rigen der Gesundheitsberufe zu konsultieren, um eine auf die individuellen Umst\u00e4nde zugeschnittene Beratung und Anleitung zu erhalten.<\/p>\n<\/div>\n<\/div>\n\n\n\n<div class=\"wp-block-columns BlockTexte is-layout-flex wp-container-core-columns-is-layout-9d6595d7 wp-block-columns-is-layout-flex\">\n<div class=\"wp-block-column is-layout-flow wp-block-column-is-layout-flow\">\n<h2 class=\"wp-block-heading has-text-align-center has-text-color has-link-color wp-elements-ef3396189f9a391e57dcd237fd164e77\" style=\"color:#d2ab4c\">Tipps zur Maximierung der Ergebnisse von Behandlungen mit Fadenlifting<\/h2>\n\n\n\n<p>Um die Ergebnisse der Behandlungen mit Aptos-Tensor-F\u00e4den zu maximieren, sollten Sie folgende praktische Tipps beachten:<\/p>\n\n\n\n<ul class=\"wp-block-list\">\n<li><strong>W\u00e4hlen Sie einen qualifizierten Arzt:<\/strong> Die Kompetenz und Erfahrung des Arztes spielen eine entscheidende Rolle f\u00fcr die Ergebnisse und die Sicherheit der Behandlung. Suchen Sie einen Arzt, der zertifiziert ist und sich auf \u00e4sthetische Behandlungen im Gesichts- und K\u00f6rperbereich spezialisiert hat.<\/li>\n\n\n\n<li><strong>Haben Sie realistische Erwartungen: <\/strong>Aptos-Tensor-F\u00e4den k\u00f6nnen das Hautbild verbessern und einen subtilen Lifting-Effekt erzielen, aber sie k\u00f6nnen den Alterungsprozess nicht vollst\u00e4ndig aufhalten. Es ist wichtig, realistische Erwartungen an das Ergebnis der Behandlung zu haben.<\/li>\n\n\n\n<li><strong>Pflegen Sie Ihre Haut: <\/strong>Um die Ergebnisse der Aptos-Tensor-F\u00e4den zu erhalten, ist es wichtig, Ihre Haut t\u00e4glich zu pflegen. Dazu geh\u00f6ren eine gute Hautpflege, die Verwendung von Produkten, die f\u00fcr Ihren Hauttyp geeignet sind, und regelm\u00e4\u00dfiger Sonnenschutz.<\/li>\n\n\n\n<li><strong>Bleiben Sie gesund:<\/strong> Ein gesunder Lebensstil tr\u00e4gt ebenfalls zur Gesundheit und zum Aussehen Ihrer Haut bei. Achten Sie auf eine gesunde Ern\u00e4hrung, treiben Sie regelm\u00e4\u00dfig Sport, trinken Sie ausreichend Wasser und schlafen Sie ausreichend, um eine strahlende, gesunde Haut zu erhalten.<\/li>\n<\/ul>\n<\/div>\n<\/div>\n\n\n\n<div class=\"wp-block-columns BlockTexte is-layout-flex wp-container-core-columns-is-layout-9d6595d7 wp-block-columns-is-layout-flex\">\n<div class=\"wp-block-column is-layout-flow wp-block-column-is-layout-flow\">\n<h2 class=\"wp-block-heading has-text-align-center has-text-color has-link-color wp-elements-d5c6701c982312cc0679068bbf07c043\" style=\"color:#d2ab4c\">Alternativen zu Behandlungen mit Aptos-Tensor-F\u00e4den<\/h2>\n\n\n\n<p>Obwohl Aptos-Fadenlifting viele Vorteile bieten, stehen auch andere Behandlungsm\u00f6glichkeiten zur Verf\u00fcgung, um die Haut zu straffen und die Zeichen der Hautalterung zu korrigieren. Einige g\u00e4ngige Alternativen umfassen :<\/p>\n\n\n\n<ul class=\"wp-block-list\">\n<li><strong>Injektionen von Fillern: <\/strong><a href=\"https:\/\/biolaser.fr\/de\/hyaluronsaeure-behandlung\/\"><strong>Filler\u00a0<\/strong>wie Hyalurons\u00e4ure<\/a> k\u00f6nnen verwendet werden, um verlorenes Volumen wiederherzustellen und Falten und F\u00e4ltchen zu mildern.<\/li>\n\n\n\n<li><strong>Laserbehandlungen:\u00a0<\/strong><a href=\"https:\/\/biolaser.fr\/de\/resurfacing-hautstraffung\/\">Laserbehandlungen<\/a> k\u00f6nnen helfen, die Kollagenproduktion anzuregen und das Erscheinungsbild der Haut zu verbessern.<\/li>\n\n\n\n<li><strong>Radiofrequenzbehandlungen:&nbsp;<\/strong>Bei der Radiofrequenztherapie werden elektromagnetische Wellen verwendet, um das Gewebe zu erw\u00e4rmen und die Kollagenproduktion anzuregen.<\/li>\n<\/ul>\n\n\n\n<p>Es ist wichtig, dass Sie diese Alternativen mit Ihrem Arzt besprechen, um diejenige zu finden, die Ihren Bed\u00fcrfnissen und Erwartungen am besten entspricht.<\/p>\n\n\n\n<p class=\"has-text-align-center\"><strong>Wenn Sie auf der Suche nach einem nicht-chirurgischen Facelifting in der N\u00e4he von Basel sind, bietet das Fadenlifting in unserem <a href=\"https:\/\/biolaser.fr\/de\/\">medizinischen Zentrum in Saint-Louis<\/a> eine sichere und wirksame Alternative zur herk\u00f6mmlichen Chirurgie.<\/strong><\/p>\n<\/div>\n<\/div>\n<\/div>\n<\/div>\n\n\n\n<div class=\"wp-block-columns is-layout-flex wp-container-core-columns-is-layout-9d6595d7 wp-block-columns-is-layout-flex\">\n<div class=\"wp-block-column is-layout-flow wp-block-column-is-layout-flow\"><div id=\"rank-math-faq\" class=\"rank-math-block\">\n<div class=\"rank-math-list \">\n<div id=\"faq-question-6803a119c7142\" class=\"rank-math-list-item\">\n<h3 class=\"rank-math-question \">Wie lange dauert ein APTOS-Fadenlifting?<\/h3>\n<div class=\"rank-math-answer \">\n\n<p>Die Dauer h\u00e4ngt von der Anzahl der verwendeten F\u00e4den und den behandelten Bereichen ab, betr\u00e4gt jedoch in der Regel zwischen 30 Minuten und einer Stunde.<\/p>\n\n<\/div>\n<\/div>\n<div id=\"faq-question-6803a119c7144\" class=\"rank-math-list-item\">\n<h3 class=\"rank-math-question \">Was sind die m\u00f6glichen Nebenwirkungen eines APTOS-Fadenliftings?<\/h3>\n<div class=\"rank-math-answer \">\n\n<p>Das Fadenlifting ist im Allgemeinen sicher, wenn es von einem qualifizierten Arzt durchgef\u00fchrt wird. M\u00f6gliche vor\u00fcbergehende Nebenwirkungen k\u00f6nnen sein:<\/p>\n<p>&#8211; Leichte Schwellungen oder Bluterg\u00fcsse<br \/>&#8211; Empfindlichkeit oder Spannungsgef\u00fchl<br \/>&#8211; Kleine Unregelm\u00e4\u00dfigkeiten unter der Haut<br \/>&#8211; Seltene Infektionen oder Verschiebungen der F\u00e4den<\/p>\n<p>Die meisten Nebenwirkungen klingen innerhalb weniger Tage bis Wochen ab. Eine \u00e4rztliche Beratung hilft, Risiken zu minimieren.<\/p>\n\n<\/div>\n<\/div>\n<div id=\"faq-question-6803a119c7145\" class=\"rank-math-list-item\">\n<h3 class=\"rank-math-question \">Was sind die Kontraindikationen f\u00fcr ein Fadenlifting?<\/h3>\n<div class=\"rank-math-answer \">\n\n<p>Ein Fadenlifting wird in den folgenden Situationen nicht empfohlen:<\/p>\n<p>&#8211; <strong>Schwangerschaft oder Stillzeit:<\/strong> Die Sicherheit von Lifting-F\u00e4den wurde bei schwangeren oder stillenden Frauen nicht ausreichend untersucht.<br \/>&#8211; <strong>Allergien oder Unvertr\u00e4glichkeiten gegen\u00fcber Fadenkomponenten: <\/strong>Patienten mit bekannten Allergien gegen Materialien wie Polydioxanon (PDO) oder andere Fadenkomponenten sollten dieses Verfahren vermeiden.<br \/>&#8211; <strong>Vorhandensein von nicht resorbierbaren F\u00fcllstoffen im Behandlungsbereich <\/strong>(z. B. Polyacrylamidgel, Silikon, Biopolymere).<br \/>&#8211; <strong>Autoimmun- oder Kollagenerkrankungen:<\/strong> Diese Erkrankungen k\u00f6nnen das Risiko von Komplikationen aufgrund ver\u00e4nderter Immun- oder Bindegewebsreaktionen erh\u00f6hen.<br \/>&#8211; <strong>Schwere systemische Erkrankungen: <\/strong>Dazu geh\u00f6ren unkontrollierte koronare Herzkrankheit, dekompensierter Diabetes, Herz-, Leber- oder Nierenversagen.<br \/>&#8211; <strong>Aktiver Krebs oder laufende Krebsbehandlung <\/strong>(z. B. Chemotherapie).<br \/>&#8211; <strong>HIV-Infektion oder virale Hepatitis B oder C.<\/strong><br \/>&#8211; <strong>Blutgerinnungsst\u00f6rungen <\/strong>(z. B. H\u00e4mophilie) oder Patienten, die eine Antikoagulanzientherapie erhalten, aufgrund eines erh\u00f6hten Risikos f\u00fcr Blutungen oder Bluterg\u00fcsse.<br \/>&#8211; <strong>Akute entz\u00fcndliche Erkrankungen<\/strong> der Mundh\u00f6hle oder der Atemwege.<br \/>&#8211; <strong>Aktive Akne oder Hautinfektion<\/strong> im Behandlungsbereich. Der Eingriff sollte bis zur vollst\u00e4ndigen Abheilung verschoben werden.<br \/>&#8211; <strong>Gef\u00e4\u00dferkrankungen<\/strong> im Behandlungsbereich.<br \/>&#8211; <strong>Keloid- oder hypertrophe Narben<\/strong> in der Vorgeschichte, aufgrund des erh\u00f6hten Risikos einer abnormalen Narbenbildung.<\/p>\n<p>Eine gr\u00fcndliche medizinische Beratung ist unerl\u00e4sslich, um die individuelle Eignung zu beurteilen und potenzielle Risiken vor einem Fadenlifting zu minimieren.<\/p>\n\n<\/div>\n<\/div>\n<div id=\"faq-question-1771347584186\" class=\"rank-math-list-item\">\n<h3 class=\"rank-math-question \">Sind APTOS-Fadenlifting-Behandlungen schmerzhaft?<\/h3>\n<div class=\"rank-math-answer \">\n\n<p>APTOS-Fadenlifting wird im Allgemeinen gut vertragen. Der Eingriff wird unter \u00f6rtlicher Bet\u00e4ubung durchgef\u00fchrt, um Beschwerden zu minimieren.<\/p>\n\n<\/div>\n<\/div>\n<div id=\"faq-question-1771347629498\" class=\"rank-math-list-item\">\n<h3 class=\"rank-math-question \">Wie lange dauert die Genesung nach dem Eingriff?<\/h3>\n<div class=\"rank-math-answer \">\n\n<p>Die Genesung nach einem APTOS-Fadenlifting verl\u00e4uft in der Regel schnell, mit minimaler Ausfallzeit und begrenzten Beschwerden.<\/p>\n\n<\/div>\n<\/div>\n<div id=\"faq-question-1771347679897\" class=\"rank-math-list-item\">\n<h3 class=\"rank-math-question \">Wie lange h\u00e4lt das Ergebnis eines Fadenliftings an?<\/h3>\n<div class=\"rank-math-answer \">\n\n<p>Die Ergebnisse sind unmittelbar nach dem Eingriff sichtbar und verbessern sich mit zunehmender Kollagenproduktion weiter.<br \/>Im Durchschnitt h\u00e4lt ein Fadenlifting <strong>18 bis 24 Monate<\/strong>, abh\u00e4ngig von der Hautqualit\u00e4t, dem Lebensstil und den behandelten Bereichen.<\/p>\n\n<\/div>\n<\/div>\n<div id=\"faq-question-1771347653664\" class=\"rank-math-list-item\">\n<h3 class=\"rank-math-question \">Wo kann ich in der N\u00e4he von Basel ein nicht-chirurgisches Facelifting bekommen?<\/h3>\n<div class=\"rank-math-answer \">\n\n<p>Unser medizinisches Zentrum befindet sich i<strong>n Saint-Louis, nur wenige Minuten von Basel<\/strong> entfernt, und ist von <strong>Weil am Rhein, L\u00f6rrach, Allschwil und Freiburg im Breisgau<\/strong> aus leicht zu erreichen.<br \/>Wir bieten von \u00c4rzten durchgef\u00fchrte Fadenlifting-Behandlungen mit fortschrittlichen resorbierbaren APTOS-F\u00e4den zur Gesichtsverj\u00fcngung ohne Operation an.<\/p>\n\n<\/div>\n<\/div>\n<\/div>\n<\/div><\/div>\n<\/div>\n\n\n\n<div class=\"wp-block-columns is-layout-flex wp-container-core-columns-is-layout-9d6595d7 wp-block-columns-is-layout-flex\">\n<div class=\"wp-block-column is-layout-flow wp-block-column-is-layout-flow\">\n<div class=\"wp-block-buttons is-content-justification-center is-layout-flex wp-container-core-buttons-is-layout-16018d1d wp-block-buttons-is-layout-flex\">\n<div class=\"wp-block-button\"><a class=\"wp-block-button__link wp-element-button\" href=\"https:\/\/www.doctolib.fr\/centre-laser-et-esthetique\/saint-louis\/centre-medical-biolaser\/booking\/availabilities?specialityId=222&amp;telehealth=false&amp;placeId=practice-371699&amp;motiveCategoryIds%5B%5D=267011&amp;motiveIds%5B%5D=10593907&amp;bookingFunnelSource=profile\" target=\"_blank\" rel=\"noopener\">Einen Termin vereinbaren<\/a><\/div>\n<\/div>\n<\/div>\n<\/div>\n\n\n\n<p><\/p>\n","protected":false},"excerpt":{"rendered":"<p>Sie suchen eine Gesichtsstraffung ohne Operation in der N\u00e4he von Basel?<br \/>\nIm Biolaser Medical Center in Saint-Louis, nur wenige Minuten von Basel entfernt, bieten wir fortschrittliche Fadenlifting-Techniken mit resorbierbaren APTOS-F\u00e4den an, um die Gesichtskonturen wiederherzustellen und schlaffe Haut zu straffen, ohne Schnitte oder Vollnarkose.<\/p>\n","protected":false},"author":3,"featured_media":8535,"parent":0,"menu_order":0,"comment_status":"closed","ping_status":"closed","template":"","meta":{"_acf_changed":false,"tpgb_global_settings":"","footnotes":""},"class_list":["post-8600","page","type-page","status-publish","has-post-thumbnail","hentry"],"acf":[],"tpgb_featured_images":{"full":["https:\/\/biolaser.fr\/wp-content\/uploads\/2024\/01\/european-lady-posing-with-lifting-arrows-face-white-background_116547-57934-1.jpg-1-pdf.jpg",1497,1058,true],"tp-image-grid":["https:\/\/biolaser.fr\/wp-content\/uploads\/2024\/01\/european-lady-posing-with-lifting-arrows-face-white-background_116547-57934-1.jpg-1-pdf.jpg",700,495,false],"thumbnail":["https:\/\/biolaser.fr\/wp-content\/uploads\/2024\/01\/european-lady-posing-with-lifting-arrows-face-white-background_116547-57934-1.jpg-1-pdf-150x106.jpg",150,106,true],"medium":["https:\/\/biolaser.fr\/wp-content\/uploads\/2024\/01\/european-lady-posing-with-lifting-arrows-face-white-background_116547-57934-1.jpg-1-pdf-300x212.jpg",300,212,true],"medium_large":["https:\/\/biolaser.fr\/wp-content\/uploads\/2024\/01\/european-lady-posing-with-lifting-arrows-face-white-background_116547-57934-1.jpg-1-pdf.jpg",640,452,false],"large":["https:\/\/biolaser.fr\/wp-content\/uploads\/2024\/01\/european-lady-posing-with-lifting-arrows-face-white-background_116547-57934-1.jpg-1-pdf-1024x724.jpg",640,453,true],"default":"https:\/\/biolaser.fr\/wp-content\/plugins\/the-plus-addons-for-block-editor\/assets\/images\/tpgb-placeholder.jpg"},"tpgb_post_meta_info":{"get_date":"24. Januar 2024","author_name":"mthanacody","author_url":"https:\/\/biolaser.fr\/de\/author\/mthanacody\/","author_email":"mthanacody@gmail.com","author_website":"","author_description":"","author_facebook":"","author_twitter":"","author_instagram":"","author_role":["administrator"],"author_firstname":"","author_lastname":"","user_login":"mthanacody","comment_count":0,"post_likes":0,"post_views":0},"tpgb_post_category":[],"_links":{"self":[{"href":"https:\/\/biolaser.fr\/de\/wp-json\/wp\/v2\/pages\/8600","targetHints":{"allow":["GET"]}}],"collection":[{"href":"https:\/\/biolaser.fr\/de\/wp-json\/wp\/v2\/pages"}],"about":[{"href":"https:\/\/biolaser.fr\/de\/wp-json\/wp\/v2\/types\/page"}],"author":[{"embeddable":true,"href":"https:\/\/biolaser.fr\/de\/wp-json\/wp\/v2\/users\/3"}],"replies":[{"embeddable":true,"href":"https:\/\/biolaser.fr\/de\/wp-json\/wp\/v2\/comments?post=8600"}],"version-history":[{"count":18,"href":"https:\/\/biolaser.fr\/de\/wp-json\/wp\/v2\/pages\/8600\/revisions"}],"predecessor-version":[{"id":12810,"href":"https:\/\/biolaser.fr\/de\/wp-json\/wp\/v2\/pages\/8600\/revisions\/12810"}],"wp:featuredmedia":[{"embeddable":true,"href":"https:\/\/biolaser.fr\/de\/wp-json\/wp\/v2\/media\/8535"}],"wp:attachment":[{"href":"https:\/\/biolaser.fr\/de\/wp-json\/wp\/v2\/media?parent=8600"}],"curies":[{"name":"wp","href":"https:\/\/api.w.org\/{rel}","templated":true}]}}