{"id":11692,"date":"2025-04-13T16:11:49","date_gmt":"2025-04-13T14:11:49","guid":{"rendered":"https:\/\/biolaser.fr\/?page_id=11692"},"modified":"2026-03-26T14:49:25","modified_gmt":"2026-03-26T13:49:25","slug":"haar-prp-2","status":"publish","type":"page","link":"https:\/\/biolaser.fr\/de\/haar-prp-2\/","title":{"rendered":"Haar-PRP"},"content":{"rendered":"\n<h2 class=\"wp-block-heading has-text-align-center wp-embed-aspect-16-9 wp-has-aspect-ratio\"><br><strong>Haarzentrum in Saint-Louis : Ihr medizinisches Expertenzentrum f\u00fcr die Behandlung von Haarausfall und die Haarregeneration mit Haar-PRP.<\/strong><\/h2>\n\n\n\n<p class=\"has-text-align-center\">Willkommen im Zentrum f\u00fcr&nbsp;<strong>\u00c4sthetische und Haarmedizin&nbsp;<\/strong>in Saint-Louis-B\u00e2le, Ihrem vertrauensw\u00fcrdigen Ziel f\u00fcr hochmoderne medizinische L\u00f6sungen zur Behandlung von Haarausfall und zur Verbesserung der Haargesundheit mit Haar-PRP (Pl\u00e4ttchenreiches Plasma). Als spezialisiertes medizinisches Zentrum widmet sich&nbsp;<strong>Biolaser&nbsp;<\/strong>leidenschaftlich der Verbesserung Ihres \u00e4sthetischen Wohlbefindens, indem es hochwertige Behandlungen&nbsp;<strong>zur Haarregeneration&nbsp;<\/strong>anbietet.<\/p>\n\n\n\n<p class=\"has-text-align-center\">Wir verstehen die Sorgen, die mit&nbsp;<strong>Haarausfall<\/strong>,&nbsp;<strong>verminderter Haardichte&nbsp;<\/strong>und Kopfhautproblemen verbunden sind, und deshalb ist unser hochqualifiziertes Team entschlossen, Ihnen individuelle und effektive L\u00f6sungen zu bieten.<\/p>\n\n\n\n<p class=\"has-text-align-center\">Unser ganzheitlicher Ansatz umfasst eine Reihe von fortschrittlichen Techniken und innovativen Technologien, die speziell f\u00fcr die Behandlung von&nbsp;<strong>Haarausfall<\/strong>, die&nbsp;<strong>Anregung des Haarwachstums&nbsp;<\/strong>und&nbsp;<strong>die Wiederherstellung der Gesundheit Ihrer Kopfhaut&nbsp;<\/strong>entwickelt wurden. Das Haarzentrum befindet sich in&nbsp;<strong>Saint-Louis, im D\u00e9partement Haut-Rhin,&nbsp;<\/strong>an der Grenze zu&nbsp;<strong>Basel und&nbsp;<\/strong>ist f\u00fcr die Einwohner von&nbsp;<strong>Weil-am-Rhein, L\u00f6rrach, Zurich, Bern und Freiburg im Breisgau&nbsp;<\/strong>leicht zu erreichen.<\/p>\n\n\n\n<p class=\"has-text-align-center\">Unsere Klinik ist als Referenzzentrum f\u00fcr&nbsp;<strong>Haarregeneration&nbsp;<\/strong>anerkannt und bietet un\u00fcbertroffenes Fachwissen und hervorragende Ergebnisse. Bei&nbsp;<strong>Biolaser&nbsp;<\/strong>verstehen wir, dass jeder Mensch einzigartige Haarbed\u00fcrfnisse hat. Daher beginnen wir mit einer ausf\u00fchrlichen Beratung, um Ihre spezifischen Bed\u00fcrfnisse zu bewerten und einen ma\u00dfgeschneiderten Behandlungsplan zu erstellen. Unser engagiertes Team ist da, um Ihre Fragen zu beantworten, Sie durch die verf\u00fcgbaren Optionen zu f\u00fchren und Ihnen w\u00e4hrend Ihres gesamten Behandlungsverlaufs kontinuierliche Unterst\u00fctzung zu bieten. Entdecken Sie den&nbsp;<strong>Biolaser-Unterschied&nbsp;<\/strong>und lassen Sie uns Ihnen helfen, das Vertrauen in die Gesundheit Ihrer Haare zur\u00fcckzugewinnen.<\/p>\n\n\n\n<div style=\"height:100px\" aria-hidden=\"true\" class=\"wp-block-spacer\"><\/div>\n\n\n\n<div class=\"wp-block-buttons is-content-justification-center is-layout-flex wp-container-core-buttons-is-layout-16018d1d wp-block-buttons-is-layout-flex\">\n<div class=\"wp-block-button\"><a class=\"wp-block-button__link wp-element-button\" href=\"https:\/\/www.doctolib.fr\/centre-laser-et-esthetique\/saint-louis\/centre-biolaser\" target=\"_blank\" rel=\"noopener\">Vereinbaren Sie einen Termin auf Doctolib<\/a><\/div>\n<\/div>\n\n\n\n<div style=\"height:100px\" aria-hidden=\"true\" class=\"wp-block-spacer\"><\/div>\n\n\n\n<div class=\"wp-block-columns wp-embed-aspect-16-9 wp-has-aspect-ratio is-layout-flex wp-container-core-columns-is-layout-9d6595d7 wp-block-columns-is-layout-flex\">\n<div class=\"wp-block-column is-layout-flow wp-block-column-is-layout-flow\">\n<div class=\"wp-block-columns BlockTexte is-layout-flex wp-container-core-columns-is-layout-9d6595d7 wp-block-columns-is-layout-flex\">\n<div class=\"wp-block-column is-layout-flow wp-block-column-is-layout-flow\">\n<h3 class=\"wp-block-heading has-text-align-center\"><strong>Haar-PRP in Saint-Louis\/Basel<\/strong><\/h3>\n<\/div>\n<\/div>\n\n\n\n<p>Haarausfall ist ein weit verbreitetes Problem, das sowohl M\u00e4nner als auch Frauen betrifft und zu einem Verlust des Selbstvertrauens und einer Beeintr\u00e4chtigung der Lebensqualit\u00e4t f\u00fchren kann. Angesichts dieser Herausforderung&nbsp;<strong>taucht Haar-PRP als innovative und nat\u00fcrliche L\u00f6sung auf, um das Haarwachstum auf wirksame und sichere Weise zu stimulieren. Mit seinem sicheren und kontrollierten Vorbereitungsprozess aus dem Blut des Patienten, seinen stimulierenden Eigenschaften auf die Haarregeneration und seinen zahlreichen Vorteilen f\u00fcr dichtes und gesundes Haar bietet Haar-PRP einen effektiven Ansatz, um auf nat\u00fcrliche und sichere Weise zu sch\u00f6nem Haar zu gelangen.&nbsp;<\/strong><\/p>\n\n\n\n<p><strong>Wenn Sie mehr \u00fcber diese revolution\u00e4re Technik erfahren m\u00f6chten, wenden Sie sich bitte an eine medizinische Fachkraft, die in \u00e4sthetischer Haarmedizin qualifiziert ist<\/strong>.&nbsp;<\/p>\n<\/div>\n\n\n\n<div class=\"wp-block-column is-vertically-aligned-center is-layout-flow wp-block-column-is-layout-flow\">\n<figure class=\"wp-block-embed is-type-video is-provider-youtube wp-block-embed-youtube wp-embed-aspect-16-9 wp-has-aspect-ratio\"><div class=\"wp-block-embed__wrapper\">\n<iframe title=\"RegenLab PRP prep video\" width=\"640\" height=\"360\" src=\"https:\/\/www.youtube.com\/embed\/OKdc_hHDkXA?feature=oembed\" frameborder=\"0\" allow=\"accelerometer; autoplay; clipboard-write; encrypted-media; gyroscope; picture-in-picture; web-share\" referrerpolicy=\"strict-origin-when-cross-origin\" allowfullscreen><\/iframe>\n<\/div><\/figure>\n<\/div>\n<\/div>\n\n\n\n<div class=\"wp-block-columns wp-embed-aspect-16-9 wp-has-aspect-ratio is-layout-flex wp-container-core-columns-is-layout-9d6595d7 wp-block-columns-is-layout-flex\">\n<div class=\"wp-block-column is-layout-flow wp-block-column-is-layout-flow\">\n<div class=\"wp-block-columns BlockTexte is-layout-flex wp-container-core-columns-is-layout-9d6595d7 wp-block-columns-is-layout-flex\">\n<div class=\"wp-block-column is-layout-flow wp-block-column-is-layout-flow\">\n<h3 class=\"wp-block-heading has-text-align-center\"><strong><strong>Einf\u00fchrung in den Haarausfall<\/strong><\/strong><\/h3>\n<\/div>\n<\/div>\n\n\n\n<p>Haarausfall ist ein&nbsp;<strong>weit verbreitetes Problem, das Millionen von Menschen auf der ganzen&nbsp;<\/strong>Welt&nbsp;<strong>betrifft,&nbsp;<\/strong>M\u00e4nner und Frauen gleicherma\u00dfen. In dieser Einf\u00fchrung wird die Bedeutung von Haarproblemen hervorgehoben, indem Statistiken \u00fcber die Verbreitung von Haarausfall bei beiden Geschlechtern vorgestellt werden, die psychologischen Auswirkungen auf das Selbstvertrauen und das Selbstwertgef\u00fchl hervorgehoben werden und die verschiedenen Ursachen, die zu Haarausfall f\u00fchren k\u00f6nnen, untersucht werden.<\/p>\n\n\n\n<h4 class=\"wp-block-heading\"><strong><strong>Statistiken \u00fcber die Pr\u00e4valenz von Haarausfall :<\/strong><\/strong><\/h4>\n\n\n\n<p><strong>Haarausfall&nbsp;<\/strong>ist ein weit verbreitetes Problem, von dem viele Menschen auf der ganzen Welt betroffen sind. Laut der Weltgesundheitsorganisation (WHO) leiden fast 50% der M\u00e4nner \u00fcber 50 Jahren an einer Form von&nbsp;<strong>Haarausfall<\/strong>. Dar\u00fcber hinaus sind auch etwa 30% der Frauen \u00fcber 40 Jahren von einem deutlichen Haarausfall betroffen. Diese Statistiken belegen, dass Haarausfall ein weit verbreitetes Problem ist und dass es von entscheidender Bedeutung ist, geeignete L\u00f6sungen f\u00fcr die Betroffenen zu finden.<\/p>\n\n\n\n<h4 class=\"wp-block-heading\"><strong><strong>Psychologische Auswirkungen der Glatze :<\/strong><\/strong><\/h4>\n\n\n\n<p>Haarausfall kann einen tiefgreifenden&nbsp;<strong>Einfluss&nbsp;<\/strong>auf das&nbsp;<strong>psychologische&nbsp;<\/strong>und emotionale Leben der Betroffenen haben. Haare werden oft mit der pers\u00f6nlichen Identit\u00e4t und dem&nbsp;<strong>Selbstwertgef\u00fchl in&nbsp;<\/strong>Verbindung gebracht. Wenn das Haar beginnt, d\u00fcnner zu werden oder auszufallen, k\u00f6nnen viele Menschen einen Verlust ihres Selbstvertrauens und ihrer Selbstachtung versp\u00fcren. Auch der \u00e4sthetische Aspekt spielt in der modernen Gesellschaft eine wichtige Rolle, und eine Glatze kann negativ wahrgenommen werden, was zu Problemen mit dem&nbsp;<strong>K\u00f6rperbild&nbsp;<\/strong>und zu&nbsp;<strong>sozialen \u00c4ngsten&nbsp;<\/strong>f\u00fchren kann.<\/p>\n\n\n\n<h4 class=\"wp-block-heading\"><strong><strong>Die verschiedenen Ursachen f\u00fcr Haarausfall :<\/strong><\/strong><\/h4>\n\n\n\n<p>Haarausfall kann durch verschiedene Faktoren verursacht werden, und es ist wichtig, diese&nbsp;<strong>Ursachen zu&nbsp;<\/strong>verstehen, um die richtige Behandlung zu bestimmen.&nbsp;Zu den Hauptursachen f\u00fcr Haarausfall geh\u00f6ren :<\/p>\n\n\n\n<ul class=\"wp-block-list\">\n<li><a href=\"https:\/\/biolaser.fr\/alopecie-androgenetique\/\"><strong>Androg<\/strong><\/a><strong><a href=\"https:\/\/www.regenlab.com\/regenprp\/\" target=\"_blank\" rel=\"noopener\">enetische Alopezie<\/a>:&nbsp;<\/strong>Dies ist die h\u00e4ufigste Form des Haarausfalls und h\u00e4ngt haupts\u00e4chlich mit genetischen und hormonellen Faktoren zusammen.<\/li>\n\n\n\n<li><strong>Stress:&nbsp;<\/strong>L\u00e4nger andauernde Stresssituationen k\u00f6nnen zu vor\u00fcbergehendem Haarausfall f\u00fchren, der auch als telogenes Effluvium bekannt ist.<\/li>\n\n\n\n<li><strong>Hormonelle Ver\u00e4nderungen: Hormonelle&nbsp;<\/strong>Schwankungen, wie sie bei Frauen mit der Menopause oder bei M\u00e4nnern mit einem hormonellen Ungleichgewicht einhergehen, k\u00f6nnen zu Haarausfall beitragen.<\/li>\n<\/ul>\n\n\n\n<p>Das Verst\u00e4ndnis der Ursachen von Haarausfall ist entscheidend, um einen Behandlungsplan zu entwickeln, der auf die jeweilige Person zugeschnitten ist. Auf diese Weise kann das Haarwachstum angeregt und das Selbstvertrauen wiederhergestellt werden.<\/p>\n<\/div>\n<\/div>\n\n\n\n<div class=\"wp-block-columns BlockTexte is-layout-flex wp-container-core-columns-is-layout-9d6595d7 wp-block-columns-is-layout-flex\">\n<div class=\"wp-block-column is-layout-flow wp-block-column-is-layout-flow\">\n<h3 class=\"wp-block-heading has-text-align-center\"><strong>PRP Capillaire: Eine innovative und nat\u00fcrliche L\u00f6sung zur Stimulierung des Haarwachstums im Haarzentrum Saint-Louis-Basel<\/strong><\/h3>\n\n\n\n<h4 class=\"wp-block-heading\"><strong><strong>Das Konzept des Pl\u00e4ttchenreichen Plasmas (PRP): Ein revolution\u00e4rer Ansatz f\u00fcr das Haarwachstum<\/strong><\/strong><\/h4>\n\n\n\n<p>Thrombozytenreiches Plasma (PRP) ist ein revolution\u00e4res medizinisches Verfahren, das in verschiedenen Bereichen der Medizin eingesetzt wird, u. a. in der \u00e4sthetischen Haarmedizin. Diese innovative Behandlung beruht auf der Konzentration von Blutpl\u00e4ttchen und Wachstumsfaktoren, die im Blut des Patienten vorhanden sind. Diese spielen eine entscheidende Rolle bei der Gewebereparatur und der Anregung des Haarwuchses.<\/p>\n\n\n\n<h4 class=\"wp-block-heading\"><strong>PRP-Zubereitung: Sicherer und kontrollierter Prozess aus dem Blut des Patienten<\/strong><\/h4>\n\n\n\n<p>Das Verfahren zur Herstellung von PRP ist einfach, sicher und nicht invasiv. Es beginnt damit, dass dem Patienten eine Blutprobe entnommen wird, die dann in eine spezielle Zentrifuge gegeben wird. Durch diese Zentrifugation werden die Bestandteile des Blutes getrennt, wodurch die Blutpl\u00e4ttchen und Wachstumsfaktoren im Plasma konzentriert werden. Sobald das PRP gewonnen wurde, kann es in die gezielten Bereiche der Kopfhaut injiziert werden, um das Haarwachstum anzuregen.<\/p>\n\n\n\n<h4 class=\"wp-block-heading\"><strong><strong>Die Schl\u00fcsselrolle von Thrombozyten und Wachstumsfaktoren bei der Kapillarregeneration<\/strong><\/strong><\/h4>\n\n\n\n<p>Blutpl\u00e4ttchen sind Blutzellen, die eine Schl\u00fcsselrolle bei der Blutgerinnung und der Wundheilung spielen. Sie enthalten auch Wachstumsfaktoren, wie den Thrombozyten-abgeleiteten Wachstumsfaktor (PDGF), den transformierenden Wachstumsfaktor Beta (TGF-\u03b2) und den vaskul\u00e4ren endothelialen Wachstumsfaktor (VEGF), die f\u00fcr die Zellregeneration und die Bildung neuer Blutgef\u00e4\u00dfe entscheidend sind.<\/p>\n\n\n\n<p><strong>Die in PRP enthaltenen Blutpl\u00e4ttchen und Wachstumsfaktoren spielen eine Schl\u00fcsselrolle bei der Haarregeneration.<\/strong>Die Blutpl\u00e4ttchen setzen bioaktive Proteine frei, die die Reparatur von besch\u00e4digtem Gewebe und die Bildung neuer Blutgef\u00e4\u00dfe f\u00f6rdern und so die Durchblutung der Kopfhaut verbessern. Diese Wachstumsfaktoren stimulieren auch die Stammzellen der Haarfollikel, wodurch das vorhandene Haar gest\u00e4rkt und das Wachstum von neuem Haar gef\u00f6rdert wird.<\/p>\n<\/div>\n<\/div>\n\n\n\n<div class=\"wp-block-columns BlockTexte is-layout-flex wp-container-core-columns-is-layout-9d6595d7 wp-block-columns-is-layout-flex\">\n<div class=\"wp-block-column is-layout-flow wp-block-column-is-layout-flow\">\n<h3 class=\"wp-block-heading has-text-align-center\"><strong>Haar-PRP in Saint-Louis-Basel : Klare Vorteile f\u00fcr dichtes und gesundes Haar<\/strong><\/h3>\n\n\n\n<p>Haar-PRP bietet eine Vielzahl spezifischer Vorteile f\u00fcr diejenigen, die wieder dichte und gesunde Haare haben m\u00f6chten.&nbsp;Dank dieser innovativen Technik k\u00f6nnen Patienten von zahlreichen positiven Effekten f\u00fcr ihr Haar profitieren, darunter :<\/p>\n\n\n\n<ol start=\"1\" class=\"wp-block-list\">\n<li><strong>Stimuliert das Haarwachstum:&nbsp;<\/strong>Das Haar-PRP stimuliert aktiv die schlafenden Haarfollikel und f\u00f6rdert so das Haarwachstum. Durch diese Haarregeneration erhalten die Patienten wieder dichteres und volumin\u00f6seres Haar.<\/li>\n\n\n\n<li><strong>St\u00e4rkt vorhandenes Haar:&nbsp;<\/strong>Haar-PRP regt nicht nur das Haarwachstum an, sondern st\u00e4rkt auch vorhandenes Haar. Es verbessert die allgemeine Gesundheit der Kopfhaut, wodurch Haarbruch und Haarausfall verringert werden.<\/li>\n\n\n\n<li><strong>Verlangsamt den Haarausfall:&nbsp;<\/strong>Haar-PRP kann den Prozess des Haarausfalls verlangsamen und bietet Patienten damit eine wirksame L\u00f6sung gegen das allm\u00e4hliche Ausd\u00fcnnen des Haares.<\/li>\n\n\n\n<li><strong>Nat\u00fcrlicher Aspekt:&nbsp;<\/strong>Kapillar-PRP ist ein nat\u00fcrlicher Ansatz, da zur Vorbereitung der Behandlung das Eigenblut des Patienten verwendet wird.&nbsp;Es besteht daher kein Risiko von Allergien oder unerw\u00fcnschten Reaktionen.<\/li>\n\n\n\n<li><strong>Nicht-chirurgisches Verfahren:&nbsp;<\/strong>Kapillar-PRP ist ein nicht-chirurgisches Verfahren, d. h. es sind keine Einschnitte oder N\u00e4hte erforderlich. Dadurch werden Narben vermieden und die Patienten profitieren von einer schnellen Erholungszeit.<\/li>\n\n\n\n<li><strong>Hohe Sicherheit und Vertr\u00e4glichkeit :&nbsp;<\/strong>Kapillar-PRP wird von den Patienten im Allgemeinen gut vertragen und hat nur wenige Nebenwirkungen.&nbsp;Da es das Eigenblut des Patienten verwendet, ist das Risiko einer Absto\u00dfung oder Unvertr\u00e4glichkeit ausgeschlossen.<\/li>\n\n\n\n<li><strong>Progressive und dauerhafte Ergebnisse:&nbsp;<\/strong>Die Ergebnisse der Haar-PRP sind progressiv und dauerhaft. Die Patienten stellen im Laufe der Zeit eine kontinuierliche Verbesserung der Haardichte fest.<\/li>\n\n\n\n<li><strong>Kompatibilit\u00e4t mit anderen Haarbehandlungen:&nbsp;<\/strong>Haar-PRP kann als Erg\u00e4nzung zu anderen Behandlungen gegen Haarausfall eingesetzt werden, wie z. B. Haartransplantationen oder medizinische Behandlungen.&nbsp;Durch die Kombination verschiedener Ans\u00e4tze k\u00f6nnen Patienten die Ergebnisse optimieren und eine deutliche Verbesserung ihrer Haarpracht erreichen.<\/li>\n\n\n\n<li><strong>Geeignet f\u00fcr verschiedene Arten von Haarausfall:&nbsp;<\/strong>Haar-PRP eignet sich f\u00fcr verschiedene Arten von Haarausfall, einschlie\u00dflich androgenetischer Alopezie, generalisierter Ausd\u00fcnnung und Glatzenbildung.<\/li>\n<\/ol>\n<\/div>\n<\/div>\n\n\n\n<div class=\"wp-block-columns BlockTexte is-layout-flex wp-container-core-columns-is-layout-9d6595d7 wp-block-columns-is-layout-flex\">\n<div class=\"wp-block-column is-layout-flow wp-block-column-is-layout-flow\">\n<h3 class=\"wp-block-heading has-text-align-center\"><strong>Wie l\u00e4uft eine Haar-PRP-Sitzung im medizinischen Zentrum in Saint-Louis\/Basel ab?<\/strong><\/h3>\n\n\n\n<p>Die PRP-Haarbehandlung ist ein schrittweises, gut begleitetes Verfahren, das mithilfe des pl\u00e4ttchenreichen Plasmas (PRP) des Patienten das Haarwachstum anregen soll. Hier eine Schritt-f\u00fcr-Schritt-Erkl\u00e4rung, wie das Verfahren abl\u00e4uft :<\/p>\n\n\n<div class=\"wp-block-image\">\n<figure class=\"aligncenter size-large\"><img fetchpriority=\"high\" decoding=\"async\" width=\"1024\" height=\"283\" src=\"https:\/\/biolaser.fr\/wp-content\/uploads\/2023\/08\/Capture-decran-2023-08-03-a-17.58.10-1024x283.png\" alt=\"PRP Capillaire Mulhouse\/Saint-Louis\/B\u00e2le : Sublimez vos cheveux.\" class=\"wp-image-6430\" srcset=\"https:\/\/biolaser.fr\/wp-content\/uploads\/2023\/08\/Capture-decran-2023-08-03-a-17.58.10-1024x283.png 1024w, https:\/\/biolaser.fr\/wp-content\/uploads\/2023\/08\/Capture-decran-2023-08-03-a-17.58.10-300x83.png 300w, https:\/\/biolaser.fr\/wp-content\/uploads\/2023\/08\/Capture-decran-2023-08-03-a-17.58.10-768x212.png 768w, https:\/\/biolaser.fr\/wp-content\/uploads\/2023\/08\/Capture-decran-2023-08-03-a-17.58.10-1536x424.png 1536w, https:\/\/biolaser.fr\/wp-content\/uploads\/2023\/08\/Capture-decran-2023-08-03-a-17.58.10.png 1970w\" sizes=\"(max-width: 1024px) 100vw, 1024px\" \/><\/figure>\n<\/div>\n\n\n<ol class=\"wp-block-list\">\n<li><strong><mark style=\"background-color:rgba(0, 0, 0, 0)\" class=\"has-inline-color has-luminous-vivid-amber-color\">Vorbereitung<\/mark><\/strong>: Bei einer Haar-PRP-Sitzung im Biolaser Aesthetic Medical Center beginnt der Prozess mit einer&nbsp;<strong>Vorbeurteilung&nbsp;<\/strong>des Patienten, einschlie\u00dflich einer&nbsp;<strong>Haaranalyse, der Ber\u00fccksichtigung&nbsp;<\/strong>der&nbsp;<strong>Krankengeschichte&nbsp;<\/strong>und der spezifischen&nbsp;<strong>Erwartungen&nbsp;<\/strong>des Patienten, um festzustellen, ob die Behandlung f\u00fcr seine speziellen Bed\u00fcrfnisse geeignet ist.&nbsp;Anhand dieser Bewertung wird festgestellt, ob das Haar-PRP f\u00fcr den spezifischen Fall des Patienten geeignet ist.<\/li>\n\n\n\n<li><strong><mark style=\"background-color:rgba(0, 0, 0, 0)\" class=\"has-inline-color has-luminous-vivid-amber-color\">Blutentnahme<\/mark>:&nbsp;<\/strong>Wenn die Beurteilung abgeschlossen ist und das kapillare PRP f\u00fcr geeignet befunden wurde, entnimmt die medizinische Fachkraft dem Patienten&nbsp;<strong>Blut,&nbsp;<\/strong>normalerweise aus dem Arm.<\/li>\n\n\n\n<li><strong><mark style=\"background-color:rgba(0, 0, 0, 0)\" class=\"has-inline-color has-luminous-vivid-amber-color\">Zentrifugation<\/mark><\/strong>: Das entnommene Blut wird in eine spezielle Zentrifuge gegeben, in der&nbsp;<strong>das pl\u00e4ttchenreiche Plasma&nbsp;<\/strong>von den anderen Blutbestandteilen&nbsp;<strong>getrennt wird.<\/strong><\/li>\n\n\n\n<li>PRP-Vorbereitung: Nach der Zentrifugation wird das pl\u00e4ttchenreiche Plasma&nbsp;<strong>extrahiert und&nbsp;<\/strong>f\u00fcr die Verwendung bei der kapillaren PRP-Sitzung&nbsp;<strong>vorbereitet.<\/strong><\/li>\n\n\n\n<li><strong><mark style=\"background-color:rgba(0, 0, 0, 0)\" class=\"has-inline-color has-luminous-vivid-amber-color\">PRP-Injektion:&nbsp;<\/mark><\/strong>PRP wird&nbsp;<strong>direkt&nbsp;<\/strong>in die Zielbereiche der Kopfhaut&nbsp;<strong>injiziert,&nbsp;<\/strong>in denen das Haarwachstum erw\u00fcnscht ist. Die medizinische Fachkraft verwendet&nbsp;<strong>spezielle Injektionstechniken,&nbsp;<\/strong>um die Haarfollikel genau anzusprechen.<\/li>\n\n\n\n<li><mark style=\"background-color:rgba(0, 0, 0, 0)\" class=\"has-inline-color has-luminous-vivid-amber-color\"><strong>Dauer der Sitzung und Empfehlungen&nbsp;<\/strong>:<\/mark> Eine Sitzung mit Haar-PRP dauert in der Regel etwa&nbsp;<strong>30 Minuten bis eine Stunde,&nbsp;<\/strong>je nach den Bed\u00fcrfnissen des Patienten. F\u00fcr optimale Ergebnisse wird h\u00e4ufig eine&nbsp;<strong>Reihe von Sitzungen im&nbsp;<\/strong>Abstand von etwa 4 bis 6 Wochen empfohlen.<\/li>\n\n\n\n<li><strong><mark style=\"background-color:rgba(0, 0, 0, 0)\" class=\"has-inline-color has-luminous-vivid-amber-color\">Vertr\u00e4glichkeit und Erholung:&nbsp;<\/mark><\/strong>Die kapillare PRP-Behandlung wird von den Patienten im Allgemeinen&nbsp;<strong>gut vertragen.&nbsp;<\/strong>Die meisten k\u00f6nnen unmittelbar nach der Behandlung ihre normalen Aktivit\u00e4ten wieder aufnehmen, da es keine&nbsp;<strong>nennenswerte Ausfallzeit gibt<\/strong>.<\/li>\n<\/ol>\n\n\n\n<p>Zusammenfassend l\u00e4sst sich sagen, dass die Haar-PRP-Sitzung ein einfaches und sicheres Verfahren ist, das die eigenen regenerativen Ressourcen des Patienten nutzt, um das Haarwachstum anzuregen. Dieser nicht-invasive Ansatz bietet vielversprechende Ergebnisse f\u00fcr diejenigen, die eine Verbesserung der Haardichte und ges\u00fcnderes Haar anstreben. Es ist unerl\u00e4sslich, eine in \u00e4sthetischer Haarmedizin qualifizierte medizinische Fachkraft zu konsultieren, um die Eignung f\u00fcr eine Behandlung festzustellen und eine individuelle Betreuung zu erhalten, die auf die besonderen Bed\u00fcrfnisse jedes Einzelnen zugeschnitten ist.<\/p>\n<\/div>\n<\/div>\n\n\n\n<div class=\"wp-block-columns BlockTexte is-layout-flex wp-container-core-columns-is-layout-9d6595d7 wp-block-columns-is-layout-flex\">\n<div class=\"wp-block-column is-layout-flow wp-block-column-is-layout-flow\">\n<h3 class=\"wp-block-heading has-text-align-center\"><strong><strong>Das Regenlab-Labor : Expertise in regenerativer und \u00e4sthetischer Medizin<\/strong><\/strong><\/h3>\n\n\n<div class=\"wp-block-image\">\n<figure class=\"aligncenter size-large\"><img decoding=\"async\" width=\"1024\" height=\"793\" src=\"https:\/\/biolaser.fr\/wp-content\/uploads\/2024\/01\/Capture-decran-2024-01-08-a-23.44.30-1024x793.png\" alt=\"RegenKit\u00aeA-PRP\nClass IIb CE certified\nMedical Devices\" class=\"wp-image-8362\" srcset=\"https:\/\/biolaser.fr\/wp-content\/uploads\/2024\/01\/Capture-decran-2024-01-08-a-23.44.30-1024x793.png 1024w, https:\/\/biolaser.fr\/wp-content\/uploads\/2024\/01\/Capture-decran-2024-01-08-a-23.44.30-300x232.png 300w, https:\/\/biolaser.fr\/wp-content\/uploads\/2024\/01\/Capture-decran-2024-01-08-a-23.44.30-768x595.png 768w, https:\/\/biolaser.fr\/wp-content\/uploads\/2024\/01\/Capture-decran-2024-01-08-a-23.44.30-1536x1190.png 1536w, https:\/\/biolaser.fr\/wp-content\/uploads\/2024\/01\/Capture-decran-2024-01-08-a-23.44.30.png 2024w\" sizes=\"(max-width: 1024px) 100vw, 1024px\" \/><\/figure>\n<\/div>\n\n\n<div style=\"height:100px\" aria-hidden=\"true\" class=\"wp-block-spacer\"><\/div>\n\n\n\n<div class=\"wp-block-buttons is-content-justification-center is-layout-flex wp-container-core-buttons-is-layout-16018d1d wp-block-buttons-is-layout-flex\">\n<div class=\"wp-block-button\"><a class=\"wp-block-button__link wp-element-button\" href=\"https:\/\/www.doctolib.fr\/centre-laser-et-esthetique\/saint-louis\/centre-biolaser\" target=\"_blank\" rel=\"noopener\">Vereinbaren Sie einen Termin auf Doctolib<\/a><\/div>\n<\/div>\n\n\n\n<div style=\"height:100px\" aria-hidden=\"true\" class=\"wp-block-spacer\"><\/div>\n\n\n\n<p>Das Labor Regenlab ist ein wichtiger Akteur auf dem Gebiet der regenerativen und \u00e4sthetischen Medizin. Mit seiner langj\u00e4hrigen Erfahrung und Forschung ist Regenlab f\u00fcr seine Expertise in der Entwicklung von Spitzenprodukten zur Stimulierung der Geweberegeneration und zur Verbesserung des gesamten Erscheinungsbildes der Patienten bekannt. Dank seines Engagements f\u00fcr Innovationen und seines rigorosen wissenschaftlichen Ansatzes hat das Regenlab-Labor hochwertige Produkte entwickelt, darunter Regen PRP und Cellular Matrix, die speziell f\u00fcr die Behandlung von Haarausfall und die Stimulierung des Haarwachstums entwickelt wurden.<\/p>\n\n\n\n<div class=\"wp-block-columns BlockTexte is-layout-flex wp-container-core-columns-is-layout-9d6595d7 wp-block-columns-is-layout-flex\">\n<div class=\"wp-block-column is-layout-flow wp-block-column-is-layout-flow\">\n<h3 class=\"wp-block-heading has-text-align-center\"><strong><strong><strong>Regen PRP &#8211; Der Schl\u00fcssel zu neuem Haarwuchs im Biolaser-Zentrum in Saint-Louis\/Basel<\/strong><\/strong><\/strong><\/h3>\n\n\n\n<p>Regen PRP, auch bekannt als Pl\u00e4ttchenreiches Plasma, ist das Hauptprodukt des Regenlab-Labors zur Behandlung von Haarausfall. Regen PRP wird aus dem Blut des Patienten selbst gewonnen, was es zu einer autologen, sicheren und gut vertr\u00e4glichen Behandlung macht. Der Prozess der Herstellung von Regen PRP beginnt mit der Entnahme einer Blutprobe des Patienten. Dieses Blut wird dann einer speziellen Zentrifugation unterzogen, um die an Wachstumsfaktoren reichen Blutpl\u00e4ttchen abzutrennen. Sobald das PRP gewonnen wurde, wird es sofort wieder in die Kopfhaut des Patienten injiziert. Die im PRP enthaltenen Blutpl\u00e4ttchen und Wachstumsfaktoren regen die Blutzirkulation in der behandelten Region an, f\u00f6rdern die Reparatur der Haarfollikel und regen das Haarwachstum an.<\/p>\n<\/div>\n<\/div>\n\n\n\n<div class=\"wp-block-columns is-layout-flex wp-container-core-columns-is-layout-9d6595d7 wp-block-columns-is-layout-flex\">\n<div class=\"wp-block-column is-layout-flow wp-block-column-is-layout-flow\">\n<div class=\"wp-block-columns BlockTexte is-layout-flex wp-container-core-columns-is-layout-9d6595d7 wp-block-columns-is-layout-flex\">\n<div class=\"wp-block-column is-layout-flow wp-block-column-is-layout-flow\">\n<h3 class=\"wp-block-heading has-text-align-center\"><strong><strong>Das<\/strong> RegenKit\u00aeBCT<\/strong><\/h3>\n\n\n\n<p>Das RegenKit\u00aeBCT ist ein Medizinprodukt, das f\u00fcr die Herstellung von RegenPRP\u00ae (Thrombozytenreiches Plasma) entwickelt wurde, das in medizinischen und \u00e4sthetischen Anwendungen zum Einsatz kommt. RegenKit\u00ae Kits enthalten Komponenten, die f\u00fcr die Durchf\u00fchrung der Blutentnahme, die Trennung der Blutpl\u00e4ttchen und die standardisierte Herstellung von RegenPRP\u00ae erforderlich sind.<\/p>\n\n\n\n<p>Jedes RegenKit\u00aeBCT ist mit RegenBCT\u00ae R\u00f6hrchen ausgestattet, die aus Glas in pharmazeutischer Qualit\u00e4t hergestellt sind.&nbsp;Diese R\u00f6hrchen haben einen Hohlraum, der f\u00fcr die automatische Entnahme von 10 ml Blut ausgelegt ist. Sie enthalten eine gerinnungshemmende L\u00f6sung auf der Basis von Natriumcitrat und ein thixotropes Gel. Diese Komponenten spielen eine entscheidende Rolle bei der Trennung von Plasma, Blutpl\u00e4ttchen und anderen Blutbestandteilen und erm\u00f6glichen so die Herstellung von RegenPRP\u00ae mit einer standardisierten Zusammensetzung.<\/p>\n\n\n\n<p>Zusammenfassend l\u00e4sst sich sagen, dass das RegenKit\u00aeBCT des medizinischen Zentrums Saint-Louis-B\u00e2le in der N\u00e4he von Freiburg im Breisgau, L\u00f6rrach und Weil-am-Rhein ein medizinisches Set ist, das die Blutentnahme, die Trennung der Blutpl\u00e4ttchen und die Herstellung von RegenPRP\u00ae erleichtert. Dieses Pr\u00e4parat aus pl\u00e4ttchenreichem Plasma wird wegen seiner potenziellen regenerativen und wundheilungsf\u00f6rdernden Eigenschaften in verschiedenen medizinischen und \u00e4sthetischen Bereichen eingesetzt.<\/p>\n<\/div>\n<\/div>\n<\/div>\n\n\n\n<div class=\"wp-block-column is-layout-flow wp-block-column-is-layout-flow\">\n<figure class=\"wp-block-image size-full is-resized\"><img decoding=\"async\" width=\"734\" height=\"706\" src=\"https:\/\/biolaser.fr\/wp-content\/uploads\/2023\/08\/Capture-decran-2023-08-25-a-16.37.26.png\" alt=\"PRP Capillaire Mulhouse\/Saint-Louis\/B\u00e2le : Sublimez vos cheveux.\" class=\"wp-image-7059\" style=\"aspect-ratio:1.038659793814433;width:404px;height:auto\" srcset=\"https:\/\/biolaser.fr\/wp-content\/uploads\/2023\/08\/Capture-decran-2023-08-25-a-16.37.26.png 734w, https:\/\/biolaser.fr\/wp-content\/uploads\/2023\/08\/Capture-decran-2023-08-25-a-16.37.26-300x289.png 300w\" sizes=\"(max-width: 734px) 100vw, 734px\" \/><\/figure>\n<\/div>\n<\/div>\n<\/div>\n<\/div>\n\n\n\n<div class=\"wp-block-columns BlockTexte is-layout-flex wp-container-core-columns-is-layout-9d6595d7 wp-block-columns-is-layout-flex\">\n<div class=\"wp-block-column is-layout-flow wp-block-column-is-layout-flow\">\n<h3 class=\"wp-block-heading has-text-align-center\"><strong>Schlussfolgerung<\/strong><\/h3>\n\n\n\n<p>Im Biolaser \u00c4sthetik- und Haarmedizinischen Zentrum, das auf der Achse Basel\/Saint-Louis und Zurich und in der N\u00e4he von L\u00f6rrach und Weil-am-Rhein liegt, sind wir stolz darauf, unseren Patienten eine innovative und nat\u00fcrliche L\u00f6sung zur Stimulierung des Haarwachstums anbieten zu k\u00f6nnen: die Haar-PRP. Unter der Aufsicht von&nbsp;<a href=\"https:\/\/biolaser.fr\/dr-michael-thanacody\/\">Dr. Micha\u00ebl THANACODY<\/a>&nbsp;empf\u00e4ngt Sie unser Team aus qualifizierten Fachkr\u00e4ften zu pers\u00f6nlichen Beratungen, um festzustellen, ob Haar-PRP die beste Option f\u00fcr Ihre speziellen Bed\u00fcrfnisse ist.<\/p>\n\n\n\n<p>Mit Haar-PRP in Kombination mit den hochmodernen Produkten des&nbsp;<a href=\"https:\/\/www.regenlab.com\/regenprp\/\" target=\"_blank\" rel=\"noopener\">Regenlab-Labors<\/a>&nbsp;erhalten Sie wieder dichtes, gesundes und revitalisiertes Haar. Die \u00fcberzeugenden Ergebnisse und Vorteile der Behandlung, wie die gute Vertr\u00e4glichkeit und die Verwendung von Eigenblut, um das Risiko von Nebenwirkungen zu minimieren, machen sie zur ersten Wahl f\u00fcr alle, die ihr Haaraussehen verbessern wollen.<\/p>\n\n\n\n<p>Lassen Sie nicht zu, dass Haarausfall Ihr Selbstbewusstsein beeintr\u00e4chtigt. Vereinbaren Sie noch heute einen Termin, um zu erfahren, wie Haar-PRP in Basel und Saint-Louis Ihnen zu dickerem und sch\u00f6nerem Haar verhelfen kann. Im Centre M\u00e9dical Esth\u00e9tique Biolaser sind wir bestrebt, Ihnen modernste L\u00f6sungen anzubieten, die Ihnen helfen, Ihre Ziele in Bezug auf Sch\u00f6nheit und Wohlbefinden zu erreichen.<\/p>\n\n\n\n<div class=\"wp-block-columns BlockTexte is-layout-flex wp-container-core-columns-is-layout-9d6595d7 wp-block-columns-is-layout-flex\">\n<div class=\"wp-block-column is-layout-flow wp-block-column-is-layout-flow\">\n<h3 class=\"wp-block-heading has-text-align-center\"><strong><strong>Neueste Nachrichten: Haarbehandlungen in der Biolaser-Klinik<\/strong><\/strong><\/h3>\n<\/div>\n<\/div>\n<\/div>\n<\/div>\n\n\n\n<div class=\"wp-block-columns is-layout-flex wp-container-core-columns-is-layout-9d6595d7 wp-block-columns-is-layout-flex\">\n<div class=\"wp-block-column is-layout-flow wp-block-column-is-layout-flow\">\n<h2 class=\"wp-block-heading has-text-align-center\"><strong>WIR BEANTWORTEN IHRE FRAGEN<\/strong><\/h2>\n\n\n<div id=\"rank-math-faq\" class=\"rank-math-block\">\n<div class=\"rank-math-list \">\n<div id=\"faq-question-6803a10b7de16\" class=\"rank-math-list-item\">\n<h3 class=\"rank-math-question \"><strong><strong>Haar-PRP in saint-Louis: Therapeutisch genutzt<\/strong><\/strong><\/h3>\n<div class=\"rank-math-answer \">\n\n<p>In Frankreich ist PRP zu kosmetischen Zwecken, wie z. B. &#8222;Vampirlift&#8220; oder &#8222;Vampirgesicht&#8220;, au\u00dferhalb des therapeutischen Rahmens verboten.\u00a0<strong>Haar-PRP ist\u00a0<\/strong>jedoch\u00a0<strong>eine spezifische Anwendung von therapeutischem PRP, die erlaubt und zugelassen ist, um das Haarwachstum bei Menschen mit Haarausfall anzuregen.\u00a0<\/strong>In diesem Zusammenhang kann PRP von qualifiziertem medizinischem Fachpersonal legal verabreicht werden und bietet somit eine zugelassene und sichere L\u00f6sung f\u00fcr die Haarregeneration.<\/p>\n\n<\/div>\n<\/div>\n<div id=\"faq-question-6803a10b7de18\" class=\"rank-math-list-item\">\n<h3 class=\"rank-math-question \"><strong>Empfehlungen vor und nach der PRP-Haarbehandlung im Haarzentrum von Saint-Louis<\/strong><\/h3>\n<div class=\"rank-math-answer \">\n\n<p>Vor und nach einer Haar-PRP-Behandlung m\u00fcssen unbedingt bestimmte Empfehlungen befolgt werden, um die Ergebnisse zu maximieren und eine optimale Erholung zu f\u00f6rdern. Hier sind einige Tipps, die Sie vor und nach der Behandlung befolgen sollten:<\/p>\n<p><strong>Vor der Haar-PRP-Behandlung\u00a0<\/strong>:<\/p>\n<p><strong>\u00a0&#8211; \u00c4rztliche Konsultation<\/strong>: Planen Sie eine vorherige Konsultation mit Ihrem Arzt, um Ihre Eignung f\u00fcr die Behandlung zu beurteilen und Ihre Erwartungen zu besprechen. <br \/>&#8211;\u00a0<strong>Absetzen bestimmter Medikamente<\/strong>: Informieren Sie Ihren Arzt \u00fcber alle Medikamente, die Sie einnehmen, da einige Medikamente, wie z. B. Blutverd\u00fcnner, m\u00f6glicherweise angepasst oder vor\u00fcbergehend abgesetzt werden m\u00fcssen. <br \/>&#8211;\u00a0<strong>Hydratation<\/strong>: Achten Sie darauf, dass Sie vor dem Eingriff gut hydriert sind, indem Sie ausreichend Wasser trinken. <br \/>&#8211;\u00a0<strong>Vermeiden Sie Alkohol und Tabak<\/strong>: Vermeiden Sie Alkohol und Tabak mindestens einige Tage vor der Behandlung, da diese die Qualit\u00e4t Ihres Blutes beeintr\u00e4chtigen k\u00f6nnen. <br \/>&#8211;\u00a0<strong>Vermeiden Sie Haarpflegeprodukte<\/strong>: Vermeiden Sie die Verwendung von Haarpflegeprodukten, die aggressive Chemikalien enthalten, einige Tage vor der Behandlung.<\/p>\n<p><strong>Nach der PRP-Behandlung in den Haaren<\/strong>:<\/p>\n<p><strong>&#8211; Vermeiden Sie sofortiges Waschen<\/strong>: Vermeiden Sie es, Ihr Haar unmittelbar nach der Behandlung zu waschen, damit das PRP besser aufgenommen werden kann. <br \/>&#8211;\u00a0<strong>Sanfte Pflege<\/strong>: Verwenden Sie bei der anschlie\u00dfenden Haarw\u00e4sche sanfte Haarpflegeprodukte und vermeiden Sie es, die Kopfhaut kr\u00e4ftig zu reiben. <br \/>&#8211;\u00a0<strong>Hitze\u00a0<\/strong>vermeiden: Vermeiden Sie den \u00fcberm\u00e4\u00dfigen Gebrauch von F\u00f6hns, Lockenst\u00e4ben und anderen Heizger\u00e4ten, die das Haar sch\u00e4digen k\u00f6nnten. <br \/>&#8211;\u00a0<strong>Sonnenschutz<\/strong>: Sch\u00fctzen Sie Ihre Kopfhaut vor der Sonne, indem Sie einen Hut tragen oder ein Sonnenschutzmittel f\u00fcr die Haare verwenden, wenn Sie der Sonne ausgesetzt sind. <br \/>&#8211;\u00a0<strong>Vermeiden Sie intensive Aktivit\u00e4ten<\/strong>: Vermeiden Sie in den ersten Tagen nach der Behandlung anstrengende k\u00f6rperliche Aktivit\u00e4ten, die zu \u00fcberm\u00e4\u00dfigem Schwitzen f\u00fchren k\u00f6nnten. <br \/>&#8211;\u00a0Befolgen Sie\u00a0<strong>die Anweisungen\u00a0<\/strong>des\u00a0<strong>Arztes<\/strong>: Befolgen Sie sorgf\u00e4ltig die Anweisungen Ihres Arztes f\u00fcr die Behandlung nach der Behandlung, einschlie\u00dflich der Nachsorgetermine. <br \/>&#8211;\u00a0<strong>Geduld<\/strong>: Bitte beachten Sie, dass die Ergebnisse der PRP-Behandlung allm\u00e4hlich eintreten und es mehrere Wochen dauern kann, bis eine deutliche Verbesserung der Haardichte zu verzeichnen ist. <br \/>&#8211;\u00a0<strong>Kontinuierliche Kommunikation<\/strong>: Bleiben Sie mit Ihrem Arzt in Kontakt und teilen Sie ihm alle Probleme oder Bedenken mit, die Sie w\u00e4hrend der Erholungsphase haben.<\/p>\n<p>\u00a0Wenn Sie diese Empfehlungen vor und nach der Haar-PRP-Behandlung befolgen, k\u00f6nnen Sie Ihre Chancen auf zufriedenstellende Ergebnisse erh\u00f6hen und die langfristige Gesundheit Ihrer Haare f\u00f6rdern.<\/p>\n\n<\/div>\n<\/div>\n<div id=\"faq-question-6803a10b7de19\" class=\"rank-math-list-item\">\n<h3 class=\"rank-math-question \"><strong>Klinische Studien und Ergebnisse zur Wirksamkeit von Haar-PRP :<\/strong><\/h3>\n<div class=\"rank-math-answer \">\n\n<p>Es wurden zahlreiche klinische Studien durchgef\u00fchrt, um die Wirksamkeit von Haar-PRP bei der Stimulierung des Haarwachstums zu untersuchen. Diese Studien zeigten vielversprechende Ergebnisse, die belegen, dass PRP eine wirksame L\u00f6sung zur Bek\u00e4mpfung von Haarausfall und Haarverd\u00fcnnung sein kann.<\/p>\n<p><strong>In einer im Journal of Cutaneous and Aesthetic Surgery ver\u00f6ffentlichten Studie\u00a0<\/strong>kamen die Forscher zu dem Schluss, dass Haar-PRP eine sichere und wirksame Behandlung f\u00fcr Haarausfall ist, wobei bei den behandelten Patienten eine deutliche Verbesserung der Haardichte und der Glatzenbildung beobachtet wurde.<\/p>\n<p><strong>Eine weitere Studie von Forschern der Universit\u00e4t von Kalifornien\u00a0<\/strong>ergab, dass Haar-PRP bei der Anregung des Haarwachstums wirksam war, wobei die Anzahl der aktiven Haarfollikel bei den Teilnehmern anstieg.<\/p>\n<p>Diese Studien und andere wissenschaftliche Untersuchungen unterst\u00fctzen die Verwendung von Haar-PRP als vielversprechenden Ansatz zur Haarregeneration und zur Bek\u00e4mpfung des Haarausfalls.<\/p>\n\n<\/div>\n<\/div>\n<div id=\"faq-question-6803a10b7de1a\" class=\"rank-math-list-item\">\n<h3 class=\"rank-math-question \"><strong>Faktoren, die die Wirksamkeit der Behandlung beeinflussen<\/strong><\/h3>\n<div class=\"rank-math-answer \">\n\n<p>Es gibt mehrere Faktoren, die die Wirksamkeit der Haar-PRP-Behandlung beeinflussen k\u00f6nnen.\u00a0<br \/><strong>&#8211; Das Alter des Patienten\u00a0<\/strong>kann eine Rolle spielen, da eine fr\u00fchzeitige Behandlung zu positiveren Ergebnissen f\u00fchren kann.\u00a0<br \/><strong>&#8211; Das Stadium der Glatzenbildung\u00a0<\/strong>des Patienten ist ebenfalls ein Faktor, der ber\u00fccksichtigt werden sollte, da PRP in fr\u00fcheren Stadien des Haarausfalls wirksamer ist.\u00a0<br \/><strong>&#8211; Dar\u00fcber hinaus kann der allgemeine Gesundheitszustand des Patienten die Reaktion auf die Behandlung beeinflussen.\u00a0<br \/><\/strong><br \/>Es gibt mehrere Faktoren, die die Wirksamkeit der Haar-PRP-Behandlung beeinflussen k\u00f6nnen.\u00a0<br \/><strong>&#8211; Das Alter des Patienten\u00a0<\/strong>kann eine Rolle spielen, da eine fr\u00fchzeitige Behandlung zu positiveren Ergebnissen f\u00fchren kann.\u00a0<br \/><strong>&#8211; Das Stadium der Glatzenbildung\u00a0<\/strong>des Patienten ist ebenfalls ein Faktor, der ber\u00fccksichtigt werden sollte, da PRP in fr\u00fcheren Stadien des Haarausfalls wirksamer ist.\u00a0<br \/><strong>&#8211; Dar\u00fcber hinaus kann der allgemeine Gesundheitszustand des Patienten die Reaktion auf die Behandlung beeinflussen.\u00a0<br \/><\/strong><br \/>Insgesamt ist eine gr\u00fcndliche Beurteilung durch einen Angeh\u00f6rigen der Gesundheitsberufe unerl\u00e4sslich, um festzustellen, ob Haar-PRP f\u00fcr den Einzelnen geeignet ist.<\/p>\n\n<\/div>\n<\/div>\n<div id=\"faq-question-6803a10b7de1b\" class=\"rank-math-list-item\">\n<h3 class=\"rank-math-question \"><strong>Potenzielle Nebenwirkungen und ihr Management<\/strong><\/h3>\n<div class=\"rank-math-answer \">\n\n<p>Die PRP-Haartransplantation in der Haarklinik in Saint-Louis-Basel wird im Allgemeinen gut vertragen und gilt als sicher. Da es das eigene Blut des Patienten verwendet, ist das Risiko von Allergien oder unerw\u00fcnschten Reaktionen deutlich geringer. Es k\u00f6nnen jedoch geringf\u00fcgige Nebenwirkungen auftreten, wie z. B. R\u00f6tungen oder Bluterg\u00fcsse der Kopfhaut. Diese Symptome verschwinden in der Regel schnell nach der Sitzung.<\/p>\n<p>Es ist wichtig, dass Sie die Empfehlungen der medizinischen Fachkraft befolgen, um das Risiko von Nebenwirkungen zu minimieren.\u00a0Die Wahl einer qualifizierten Fachkraft, die richtige Zubereitung des PRP und die Einhaltung der entsprechenden Injektionsprotokolle sind entscheidend f\u00fcr ein sicheres und wirksames Verfahren.<\/p>\n\n<\/div>\n<\/div>\n<\/div>\n<\/div><\/div>\n<\/div>\n\n\n\n<div class=\"wp-block-columns is-layout-flex wp-container-core-columns-is-layout-9d6595d7 wp-block-columns-is-layout-flex\">\n<div class=\"wp-block-column is-layout-flow wp-block-column-is-layout-flow\">\n<div class=\"wp-block-buttons is-content-justification-center is-layout-flex wp-container-core-buttons-is-layout-16018d1d wp-block-buttons-is-layout-flex\">\n<div class=\"wp-block-button\"><a class=\"wp-block-button__link wp-element-button\" href=\"https:\/\/www.doctolib.fr\/centre-laser-et-esthetique\/saint-louis\/centre-biolaser\" target=\"_blank\" rel=\"noopener\">Einen Termin vereinbaren<\/a><\/div>\n<\/div>\n<\/div>\n<\/div>\n","protected":false},"excerpt":{"rendered":"<p>PRP-Haarbehandlung im Biolaser Zentrum Saint-Louis nahe Basel \u2013 medizinische Injektion zur Stimulierung des Haarwachstums bei Haarausfall.<\/p>\n","protected":false},"author":3,"featured_media":11411,"parent":0,"menu_order":0,"comment_status":"closed","ping_status":"closed","template":"","meta":{"_acf_changed":false,"tpgb_global_settings":"","footnotes":""},"class_list":["post-11692","page","type-page","status-publish","has-post-thumbnail","hentry"],"acf":[],"tpgb_featured_images":{"full":["https:\/\/biolaser.fr\/wp-content\/uploads\/2025\/04\/image.png",1024,1024,false],"tp-image-grid":["https:\/\/biolaser.fr\/wp-content\/uploads\/2025\/04\/image-700x700.png",700,700,true],"thumbnail":["https:\/\/biolaser.fr\/wp-content\/uploads\/2025\/04\/image-150x150.png",150,150,true],"medium":["https:\/\/biolaser.fr\/wp-content\/uploads\/2025\/04\/image-300x300.png",300,300,true],"medium_large":["https:\/\/biolaser.fr\/wp-content\/uploads\/2025\/04\/image-768x768.png",640,640,true],"large":["https:\/\/biolaser.fr\/wp-content\/uploads\/2025\/04\/image.png",640,640,false],"default":"https:\/\/biolaser.fr\/wp-content\/plugins\/the-plus-addons-for-block-editor\/assets\/images\/tpgb-placeholder.jpg"},"tpgb_post_meta_info":{"get_date":"13. April 2025","author_name":"mthanacody","author_url":"https:\/\/biolaser.fr\/de\/author\/mthanacody\/","author_email":"mthanacody@gmail.com","author_website":"","author_description":"","author_facebook":"","author_twitter":"","author_instagram":"","author_role":["administrator"],"author_firstname":"","author_lastname":"","user_login":"mthanacody","comment_count":0,"post_likes":0,"post_views":0},"tpgb_post_category":[],"_links":{"self":[{"href":"https:\/\/biolaser.fr\/de\/wp-json\/wp\/v2\/pages\/11692","targetHints":{"allow":["GET"]}}],"collection":[{"href":"https:\/\/biolaser.fr\/de\/wp-json\/wp\/v2\/pages"}],"about":[{"href":"https:\/\/biolaser.fr\/de\/wp-json\/wp\/v2\/types\/page"}],"author":[{"embeddable":true,"href":"https:\/\/biolaser.fr\/de\/wp-json\/wp\/v2\/users\/3"}],"replies":[{"embeddable":true,"href":"https:\/\/biolaser.fr\/de\/wp-json\/wp\/v2\/comments?post=11692"}],"version-history":[{"count":5,"href":"https:\/\/biolaser.fr\/de\/wp-json\/wp\/v2\/pages\/11692\/revisions"}],"predecessor-version":[{"id":13040,"href":"https:\/\/biolaser.fr\/de\/wp-json\/wp\/v2\/pages\/11692\/revisions\/13040"}],"wp:featuredmedia":[{"embeddable":true,"href":"https:\/\/biolaser.fr\/de\/wp-json\/wp\/v2\/media\/11411"}],"wp:attachment":[{"href":"https:\/\/biolaser.fr\/de\/wp-json\/wp\/v2\/media?parent=11692"}],"curies":[{"name":"wp","href":"https:\/\/api.w.org\/{rel}","templated":true}]}}